{"id":1507,"date":"2021-07-08T08:44:12","date_gmt":"2021-07-08T08:44:12","guid":{"rendered":"https:\/\/www.stoer-profi.ch\/?page_id=1507"},"modified":"2024-01-06T11:11:59","modified_gmt":"2024-01-06T11:11:59","slug":"impressum","status":"publish","type":"page","link":"https:\/\/bissig.ch\/content\/en\/impressum\/","title":{"rendered":"Impressum"},"content":{"rendered":"\t\t<div data-elementor-type=\"wp-page\" data-elementor-id=\"1507\" class=\"elementor elementor-1507\" data-elementor-post-type=\"page\">\n\t\t\t\t\t\t<section class=\"elementor-section elementor-top-section elementor-element elementor-element-9d0fd2f elementor-section-boxed elementor-section-height-default elementor-section-height-default\" data-id=\"9d0fd2f\" data-element_type=\"section\" data-e-type=\"section\" data-settings=\"{&quot;background_background&quot;:&quot;classic&quot;}\">\n\t\t\t\t\t\t<div class=\"elementor-container elementor-column-gap-default\">\n\t\t\t\t\t<div class=\"elementor-column elementor-col-100 elementor-top-column elementor-element elementor-element-50c64aa\" data-id=\"50c64aa\" data-element_type=\"column\" data-e-type=\"column\">\n\t\t\t<div class=\"elementor-widget-wrap elementor-element-populated\">\n\t\t\t\t\t\t<div class=\"elementor-element elementor-element-e95cef7 elementor-widget elementor-widget-text-editor\" data-id=\"e95cef7\" data-element_type=\"widget\" data-e-type=\"widget\" data-widget_type=\"text-editor.default\">\n\t\t\t\t<div class=\"elementor-widget-container\">\n\t\t\t\t\t\t\t\t\t<h2>Impressum<\/h2>\n<p>mart-design Medienagentur GmbH<br>Zimmelstrasse 15<br><span style=\"font-style: inherit; background-color: var( --e-global-color-astglobalcolor5 );\">6314 Unter\u00e4geri<\/span><\/p><p><span style=\"font-family: Poppins, sans-serif; font-size: 1.25rem; font-style: inherit; background-color: var( --e-global-color-astglobalcolor5 );\">Vertreten durch:<\/span><br><\/p>\n<p>Martin Bissig<\/p>\n<h4>Kontakt:<\/h4>\n<p>Telefonnummer: +41 41 750 26 28<br>E-Mail Adresse: info@mart-design.net<\/p>\n<h2>Haftungsausschluss<\/h2>\n<p>Haftung f\u00fcr Inhalte<br>Als Anbieter von Dienstleistungen sind wir verantwortlich f\u00fcr alle eigenen Inhalte die auf diesen Seiten angeboten werden. Wir sind als Anbieter dagegen nicht verpflichtet, eingereichte oder gespeicherte Informationen anderer Quellen zu \u00fcberwachen oder zu pr\u00fcfen, ob diese auf rechtswidrige T\u00e4tigkeiten verweisen. Die Verpflichtung, die Nutzung von Informationen nach den allgemeinen Gesetzen zu Entfernen oder zu sperren, bleiben davon jedoch unber\u00fchrt. Die Haftung w\u00e4re in diesem Falle erst dann m\u00f6glich, wenn Kenntnisse \u00fcber eine konkrete Rechtsverletzung vorliegen. Sollte eine Rechtsverletzung bekannt werden, werden wir die entsprechenden Inhalte so schnell wie technisch m\u00f6glich entfernen.<\/p>\n<p>Haftung f\u00fcr Links Dritter<br>Unsere Webseite enth\u00e4lt Links auf Webseiten anderer Anbieter. Wir haben keinen Einfluss auf deren Inhalt. Aus diesem Grund kann von unserer Seite keine Haftung oder Gew\u00e4hr f\u00fcr diese fremden Inhalte \u00fcbernommen werden. F\u00fcr die Inhalte der jeweiligen Webseiten ist nur der entsprechende Anbieter oder Betreiber der Seite verantwortlich. Zum Zeitpunkt des Einf\u00fcgens eines Links wurden die entsprechenden Seiten auf Rechtsverst\u00f6sse \u00fcberpr\u00fcft. Zu diesem Zeitpunkt wurden keine rechtswidrigen Inhalte entdeckt. Aus technischen Gr\u00fcnden ist es unm\u00f6glich, alle verlinkten Seiten, ohne konkrete Anhaltspunkte einer Rechtsverletzung, regelm\u00e4ssig zu \u00fcberpr\u00fcfen. Sobald uns eine Rechtsverletzung bekannt wird werden wir den entsprechenden Link umgehend l\u00f6schen.<\/p>\n<p>Urheberrecht<br>Alle von uns zur Verf\u00fcgung gestellten Inhalte und Bilder auf den folgenden Seiten unterliegen dem Urheberrecht. Vervielf\u00e4ltigung, Ver\u00e4nderung, Verbreitung und jegliche Form der Verwertung ausserhalb der Grenzen des Urheberrechtes sind nur mit schriftlicher Zustimmung der Autoren oder dem Anbieter m\u00f6glich. Das Herunterladen oder Kopieren dieser Seiten ist ausnahmslos nur f\u00fcr den privaten, nicht kommerziellen Gebrauch erlaubt. Inhalte der Seiten, die nicht von uns erstellt wurden, unterliegen dem Urheberrecht Dritter. Inhalte Dritter sind stets entsprechend gekennzeichnet. Sollten Sie auf unseren Seiten eine Urheberrechtsverletzung entdecken, teilen Sie es uns bitte mit. Sollte uns eine Rechtsverletzung bekannt werden, werden wir die entsprechenden Inhalte l\u00f6schen.<\/p>\t\t\t\t\t\t\t\t<\/div>\n\t\t\t\t<\/div>\n\t\t\t\t\t<\/div>\n\t\t<\/div>\n\t\t\t\t\t<\/div>\n\t\t<\/section>\n\t\t\t\t<\/div>\n\t\t","protected":false},"excerpt":{"rendered":"<p>Impressum mart-design Medienagentur GmbHZimmelstrasse 156314 Unter\u00e4geri Vertreten durch: Martin Bissig Kontakt: Telefonnummer: +41 41 750 26 28E-Mail Adresse: info@mart-design.net Haftungsausschluss Haftung f\u00fcr InhalteAls Anbieter von Dienstleistungen sind wir verantwortlich f\u00fcr alle eigenen Inhalte die auf diesen Seiten angeboten werden. Wir sind als Anbieter dagegen nicht verpflichtet, eingereichte oder gespeicherte Informationen anderer Quellen zu \u00fcberwachen oder [&hellip;]<\/p>\n","protected":false},"author":1,"featured_media":0,"parent":0,"menu_order":0,"comment_status":"closed","ping_status":"closed","template":"","meta":{"site-sidebar-layout":"no-sidebar","site-content-layout":"page-builder","ast-site-content-layout":"default","site-content-style":"default","site-sidebar-style":"default","ast-global-header-display":"","ast-banner-title-visibility":"","ast-main-header-display":"","ast-hfb-above-header-display":"","ast-hfb-below-header-display":"","ast-hfb-mobile-header-display":"","site-post-title":"disabled","ast-breadcrumbs-content":"","ast-featured-img":"disabled","footer-sml-layout":"","ast-disable-related-posts":"","theme-transparent-header-meta":"","adv-header-id-meta":"","stick-header-meta":"","header-above-stick-meta":"","header-main-stick-meta":"","header-below-stick-meta":"","astra-migrate-meta-layouts":"default","ast-page-background-enabled":"default","ast-page-background-meta":{"desktop":{"background-color":"","background-image":"","background-repeat":"repeat","background-position":"center center","background-size":"auto","background-attachment":"scroll","background-type":"","background-media":"","overlay-type":"","overlay-color":"","overlay-opacity":"","overlay-gradient":""},"tablet":{"background-color":"","background-image":"","background-repeat":"repeat","background-position":"center center","background-size":"auto","background-attachment":"scroll","background-type":"","background-media":"","overlay-type":"","overlay-color":"","overlay-opacity":"","overlay-gradient":""},"mobile":{"background-color":"","background-image":"","background-repeat":"repeat","background-position":"center center","background-size":"auto","background-attachment":"scroll","background-type":"","background-media":"","overlay-type":"","overlay-color":"","overlay-opacity":"","overlay-gradient":""}},"ast-content-background-meta":{"desktop":{"background-color":"var(--ast-global-color-5)","background-image":"","background-repeat":"repeat","background-position":"center center","background-size":"auto","background-attachment":"scroll","background-type":"","background-media":"","overlay-type":"","overlay-color":"","overlay-opacity":"","overlay-gradient":""},"tablet":{"background-color":"var(--ast-global-color-5)","background-image":"","background-repeat":"repeat","background-position":"center center","background-size":"auto","background-attachment":"scroll","background-type":"","background-media":"","overlay-type":"","overlay-color":"","overlay-opacity":"","overlay-gradient":""},"mobile":{"background-color":"var(--ast-global-color-5)","background-image":"","background-repeat":"repeat","background-position":"center center","background-size":"auto","background-attachment":"scroll","background-type":"","background-media":"","overlay-type":"","overlay-color":"","overlay-opacity":"","overlay-gradient":""}},"footnotes":""},"class_list":["post-1507","page","type-page","status-publish","hentry"],"yoast_head":"<!-- This site is optimized with the Yoast SEO plugin v27.5 - https:\/\/yoast.com\/product\/yoast-seo-wordpress\/ -->\n<title>Impressum - Martin Bissig - Photographer<\/title>\n<meta name=\"robots\" content=\"index, follow, max-snippet:-1, max-image-preview:large, max-video-preview:-1\" \/>\n<link rel=\"canonical\" href=\"https:\/\/bissig.ch\/content\/en\/impressum\/\" \/>\n<meta property=\"og:locale\" content=\"en_US\" \/>\n<meta property=\"og:type\" content=\"article\" \/>\n<meta property=\"og:title\" content=\"Impressum - Martin Bissig - Photographer\" \/>\n<meta property=\"og:description\" content=\"Impressum mart-design Medienagentur GmbHZimmelstrasse 156314 Unter\u00e4geri Vertreten durch: Martin Bissig Kontakt: Telefonnummer: +41 41 750 26 28E-Mail Adresse: info@mart-design.net Haftungsausschluss Haftung f\u00fcr InhalteAls Anbieter von Dienstleistungen sind wir verantwortlich f\u00fcr alle eigenen Inhalte die auf diesen Seiten angeboten werden. Wir sind als Anbieter dagegen nicht verpflichtet, eingereichte oder gespeicherte Informationen anderer Quellen zu \u00fcberwachen oder [&hellip;]\" \/>\n<meta property=\"og:url\" content=\"https:\/\/bissig.ch\/content\/en\/impressum\/\" \/>\n<meta property=\"og:site_name\" content=\"Martin Bissig - Photographer\" \/>\n<meta property=\"article:modified_time\" content=\"2024-01-06T11:11:59+00:00\" \/>\n<meta name=\"twitter:card\" content=\"summary_large_image\" \/>\n<meta name=\"twitter:label1\" content=\"Est. reading time\" \/>\n\t<meta name=\"twitter:data1\" content=\"2 minutes\" \/>\n<script type=\"application\/ld+json\" class=\"yoast-schema-graph\">{\"@context\":\"https:\\\/\\\/schema.org\",\"@graph\":[{\"@type\":\"WebPage\",\"@id\":\"https:\\\/\\\/bissig.ch\\\/content\\\/impressum\\\/\",\"url\":\"https:\\\/\\\/bissig.ch\\\/content\\\/impressum\\\/\",\"name\":\"Impressum - Martin Bissig - Photographer\",\"isPartOf\":{\"@id\":\"https:\\\/\\\/bissig.ch\\\/content\\\/#website\"},\"datePublished\":\"2021-07-08T08:44:12+00:00\",\"dateModified\":\"2024-01-06T11:11:59+00:00\",\"breadcrumb\":{\"@id\":\"https:\\\/\\\/bissig.ch\\\/content\\\/impressum\\\/#breadcrumb\"},\"inLanguage\":\"en-US\",\"potentialAction\":[{\"@type\":\"ReadAction\",\"target\":[\"https:\\\/\\\/bissig.ch\\\/content\\\/impressum\\\/\"]}]},{\"@type\":\"BreadcrumbList\",\"@id\":\"https:\\\/\\\/bissig.ch\\\/content\\\/impressum\\\/#breadcrumb\",\"itemListElement\":[{\"@type\":\"ListItem\",\"position\":1,\"name\":\"Startseite\",\"item\":\"https:\\\/\\\/bissig.ch\\\/content\\\/\"},{\"@type\":\"ListItem\",\"position\":2,\"name\":\"Impressum\"}]},{\"@type\":\"WebSite\",\"@id\":\"https:\\\/\\\/bissig.ch\\\/content\\\/#website\",\"url\":\"https:\\\/\\\/bissig.ch\\\/content\\\/\",\"name\":\"Martin Bissig - Event Photographer\",\"description\":\"Martin Bissig is your event photographer for event photography in Switzerland\",\"publisher\":{\"@id\":\"https:\\\/\\\/bissig.ch\\\/content\\\/#organization\"},\"potentialAction\":[{\"@type\":\"SearchAction\",\"target\":{\"@type\":\"EntryPoint\",\"urlTemplate\":\"https:\\\/\\\/bissig.ch\\\/content\\\/?s={search_term_string}\"},\"query-input\":{\"@type\":\"PropertyValueSpecification\",\"valueRequired\":true,\"valueName\":\"search_term_string\"}}],\"inLanguage\":\"en-US\"},{\"@type\":\"Organization\",\"@id\":\"https:\\\/\\\/bissig.ch\\\/content\\\/#organization\",\"name\":\"Martin Bissig - Event Photographer\",\"url\":\"https:\\\/\\\/bissig.ch\\\/content\\\/\",\"logo\":{\"@type\":\"ImageObject\",\"inLanguage\":\"en-US\",\"@id\":\"https:\\\/\\\/bissig.ch\\\/content\\\/#\\\/schema\\\/logo\\\/image\\\/\",\"url\":\"https:\\\/\\\/bissig.ch\\\/content\\\/wp-content\\\/uploads\\\/2022\\\/05\\\/even-photographer-logo-min.png\",\"contentUrl\":\"https:\\\/\\\/bissig.ch\\\/content\\\/wp-content\\\/uploads\\\/2022\\\/05\\\/even-photographer-logo-min.png\",\"width\":660,\"height\":154,\"caption\":\"Martin Bissig - Event Photographer\"},\"image\":{\"@id\":\"https:\\\/\\\/bissig.ch\\\/content\\\/#\\\/schema\\\/logo\\\/image\\\/\"}}]}<\/script>\n<!-- \/ Yoast SEO plugin. -->","yoast_head_json":{"title":"Impressum - Martin Bissig - Photographer","robots":{"index":"index","follow":"follow","max-snippet":"max-snippet:-1","max-image-preview":"max-image-preview:large","max-video-preview":"max-video-preview:-1"},"canonical":"https:\/\/bissig.ch\/content\/en\/impressum\/","og_locale":"en_US","og_type":"article","og_title":"Impressum - Martin Bissig - Photographer","og_description":"Impressum mart-design Medienagentur GmbHZimmelstrasse 156314 Unter\u00e4geri Vertreten durch: Martin Bissig Kontakt: Telefonnummer: +41 41 750 26 28E-Mail Adresse: info@mart-design.net Haftungsausschluss Haftung f\u00fcr InhalteAls Anbieter von Dienstleistungen sind wir verantwortlich f\u00fcr alle eigenen Inhalte die auf diesen Seiten angeboten werden. Wir sind als Anbieter dagegen nicht verpflichtet, eingereichte oder gespeicherte Informationen anderer Quellen zu \u00fcberwachen oder [&hellip;]","og_url":"https:\/\/bissig.ch\/content\/en\/impressum\/","og_site_name":"Martin Bissig - Photographer","article_modified_time":"2024-01-06T11:11:59+00:00","twitter_card":"summary_large_image","twitter_misc":{"Est. reading time":"2 minutes"},"schema":{"@context":"https:\/\/schema.org","@graph":[{"@type":"WebPage","@id":"https:\/\/bissig.ch\/content\/impressum\/","url":"https:\/\/bissig.ch\/content\/impressum\/","name":"Impressum - Martin Bissig - Photographer","isPartOf":{"@id":"https:\/\/bissig.ch\/content\/#website"},"datePublished":"2021-07-08T08:44:12+00:00","dateModified":"2024-01-06T11:11:59+00:00","breadcrumb":{"@id":"https:\/\/bissig.ch\/content\/impressum\/#breadcrumb"},"inLanguage":"en-US","potentialAction":[{"@type":"ReadAction","target":["https:\/\/bissig.ch\/content\/impressum\/"]}]},{"@type":"BreadcrumbList","@id":"https:\/\/bissig.ch\/content\/impressum\/#breadcrumb","itemListElement":[{"@type":"ListItem","position":1,"name":"Startseite","item":"https:\/\/bissig.ch\/content\/"},{"@type":"ListItem","position":2,"name":"Impressum"}]},{"@type":"WebSite","@id":"https:\/\/bissig.ch\/content\/#website","url":"https:\/\/bissig.ch\/content\/","name":"Martin Bissig - Event Photographer","description":"Martin Bissig is your event photographer for event photography in Switzerland","publisher":{"@id":"https:\/\/bissig.ch\/content\/#organization"},"potentialAction":[{"@type":"SearchAction","target":{"@type":"EntryPoint","urlTemplate":"https:\/\/bissig.ch\/content\/?s={search_term_string}"},"query-input":{"@type":"PropertyValueSpecification","valueRequired":true,"valueName":"search_term_string"}}],"inLanguage":"en-US"},{"@type":"Organization","@id":"https:\/\/bissig.ch\/content\/#organization","name":"Martin Bissig - Event Photographer","url":"https:\/\/bissig.ch\/content\/","logo":{"@type":"ImageObject","inLanguage":"en-US","@id":"https:\/\/bissig.ch\/content\/#\/schema\/logo\/image\/","url":"https:\/\/bissig.ch\/content\/wp-content\/uploads\/2022\/05\/even-photographer-logo-min.png","contentUrl":"https:\/\/bissig.ch\/content\/wp-content\/uploads\/2022\/05\/even-photographer-logo-min.png","width":660,"height":154,"caption":"Martin Bissig - Event Photographer"},"image":{"@id":"https:\/\/bissig.ch\/content\/#\/schema\/logo\/image\/"}}]}},"_links":{"self":[{"href":"https:\/\/bissig.ch\/content\/en\/wp-json\/wp\/v2\/pages\/1507","targetHints":{"allow":["GET"]}}],"collection":[{"href":"https:\/\/bissig.ch\/content\/en\/wp-json\/wp\/v2\/pages"}],"about":[{"href":"https:\/\/bissig.ch\/content\/en\/wp-json\/wp\/v2\/types\/page"}],"author":[{"embeddable":true,"href":"https:\/\/bissig.ch\/content\/en\/wp-json\/wp\/v2\/users\/1"}],"replies":[{"embeddable":true,"href":"https:\/\/bissig.ch\/content\/en\/wp-json\/wp\/v2\/comments?post=1507"}],"version-history":[{"count":10,"href":"https:\/\/bissig.ch\/content\/en\/wp-json\/wp\/v2\/pages\/1507\/revisions"}],"predecessor-version":[{"id":2369,"href":"https:\/\/bissig.ch\/content\/en\/wp-json\/wp\/v2\/pages\/1507\/revisions\/2369"}],"wp:attachment":[{"href":"https:\/\/bissig.ch\/content\/en\/wp-json\/wp\/v2\/media?parent=1507"}],"curies":[{"name":"wp","href":"https:\/\/api.w.org\/{rel}","templated":true}]}}