{"id":2320,"date":"2023-01-23T17:10:38","date_gmt":"2023-01-23T17:10:38","guid":{"rendered":"https:\/\/bissig.ch\/content\/?page_id=2320"},"modified":"2023-01-23T17:23:01","modified_gmt":"2023-01-23T17:23:01","slug":"world-economic-forum-wef-davos-photography-videography","status":"publish","type":"page","link":"https:\/\/bissig.ch\/content\/de\/world-economic-forum-wef-davos-photography-videography\/","title":{"rendered":"World Economic Forum WEF Davos Fotografie \/ Videografie"},"content":{"rendered":"<div data-elementor-type=\"wp-post\" data-elementor-id=\"2320\" class=\"elementor elementor-2320\" data-elementor-post-type=\"page\">\n\t\t\t\t\t\t<section class=\"elementor-section elementor-top-section elementor-element elementor-element-629daeb elementor-section-boxed elementor-section-height-default elementor-section-height-default\" data-id=\"629daeb\" data-element_type=\"section\" data-e-type=\"section\" data-settings=\"{&quot;background_background&quot;:&quot;classic&quot;}\">\n\t\t\t\t\t\t<div class=\"elementor-container elementor-column-gap-default\">\n\t\t\t\t\t<div class=\"elementor-column elementor-col-100 elementor-top-column elementor-element elementor-element-35e339a\" data-id=\"35e339a\" data-element_type=\"column\" data-e-type=\"column\">\n\t\t\t<div class=\"elementor-widget-wrap elementor-element-populated\">\n\t\t\t\t\t\t<div class=\"elementor-element elementor-element-e75c1b6 elementor-widget elementor-widget-heading\" data-id=\"e75c1b6\" data-element_type=\"widget\" data-e-type=\"widget\" data-widget_type=\"heading.default\">\n\t\t\t\t<div class=\"elementor-widget-container\">\n\t\t\t\t\t<h1 class=\"elementor-heading-title elementor-size-default\">WEF Davos Fotografie and Videografie<\/h1>\t\t\t\t<\/div>\n\t\t\t\t<\/div>\n\t\t\t\t\t<\/div>\n\t\t<\/div>\n\t\t\t\t\t<\/div>\n\t\t<\/section>\n\t\t\t\t<section class=\"elementor-section elementor-top-section elementor-element elementor-element-d1818ca elementor-section-boxed elementor-section-height-default elementor-section-height-default\" data-id=\"d1818ca\" data-element_type=\"section\" data-e-type=\"section\" data-settings=\"{&quot;background_background&quot;:&quot;classic&quot;}\">\n\t\t\t\t\t\t<div class=\"elementor-container elementor-column-gap-no\">\n\t\t\t\t\t<div class=\"elementor-column elementor-col-100 elementor-top-column elementor-element elementor-element-ebc122d\" data-id=\"ebc122d\" data-element_type=\"column\" data-e-type=\"column\">\n\t\t\t<div class=\"elementor-widget-wrap elementor-element-populated\">\n\t\t\t\t\t\t<div class=\"elementor-element elementor-element-99be015 elementor-widget elementor-widget-text-editor\" data-id=\"99be015\" data-element_type=\"widget\" data-e-type=\"widget\" data-widget_type=\"text-editor.default\">\n\t\t\t\t<div class=\"elementor-widget-container\">\n\t\t\t\t\t\t\t\t\t<h2>Meine Dienstleistungen buchen:\u00a0<a href=\"https:\/\/www.weforum.org\/events\/world-economic-forum-annual-meeting-2023\">WEF Davos<\/a> Fotografie und Videografie<\/h2><p>Brauchen Sie Eventfotografie am Weltwirtschaftsforum WEF in Davos, um Ihre Veranstaltung zu fotografieren? Ich bin Martin Bissig. Ich lebe in der Schweiz und bin Canon Ambassador. Ich k\u00fcmmere mich um Ihre WEF Davos-Fotografie und -Videografie! W\u00e4hrend des Weltwirtschaftsforums halte ich mich in Davos auf und stehe auch f\u00fcr kurze Auftr\u00e4ge von mindestens 3 Stunden Dauer zur Verf\u00fcgung. Mit einer Mischung aus Portr\u00e4ts und dokumentarisch anmutenden Fotos versuche ich, die Stimmung und den Geist Ihrer Veranstaltung einzufangen. Als Fotograf und Videofilmer f\u00fcr das Weltwirtschaftsforum in Davos ist es mir ein Anliegen, den Geist Ihrer Veranstaltung einzufangen und ein Album zu erstellen, das noch viele Jahre lang in Erinnerung bleiben wird.<\/p><h3><span lang=\"EN-US\">Schneller Turnaround w\u00e4hrend Ihrer WEF Davos Veranstaltung<\/span><\/h3><p><span lang=\"EN-US\">Ich liefere Ihnen die bestm\u00f6glichen Fotos und Videos in k\u00fcrzester Zeit. Am selben Tag k\u00f6nnen Sie sowohl Fotos als auch Videos erhalten. Sie erhalten vor der Veranstaltung einen Link, den Sie intern oder mit den Medien teilen k\u00f6nnen. Das gesamte Filmmaterial der Veranstaltung wird hochgeladen und nach Ihren W\u00fcnschen kategorisiert. So k\u00f6nnen Sie Werbematerialien wie Pressemitteilungen schnell und einfach erstellen, damit die Veranstaltung die gr\u00f6\u00dftm\u00f6gliche Aufmerksamkeit erh\u00e4lt. Eine Berichterstattung in den sozialen Medien ist fast schon sicher.<\/span><\/p><h3><span lang=\"EN-US\">Teamarbeit zwischen Fotografie und Videografie<\/span><\/h3><p><span lang=\"EN-US\">Unser Foto- und Videoteam arbeitet zusammen, um sicherzustellen, dass alles an der Veranstaltung festgehalten wird. Auf diese Weise ist eine m\u00f6glichst umfassende Berichterstattung m\u00f6glich. Wir sorgen daf\u00fcr, dass alle Ihre wichtigen Treffen vollst\u00e4ndig erfasst werden und nichts Wichtiges verpasst wird.<\/span><\/p><h3><span lang=\"EN-US\">Liste der Kunden aus aller Welt<\/span><\/h3><p>\u00a0<\/p><p>In den vergangenen Jahren habe ich das Weltwirtschaftsforum f\u00fcr <a href=\"http:\/\/www.cnn.com\/\">CNN<\/a>, KPMG, und <a href=\"https:\/\/polkadot.network\/\">Polkadot<\/a>, sowie die indische Delegation fotografiert. Klicken Sie hier um <a href=\"https:\/\/bissig.ch\/content\/de\/eventfotografie-bildergalerie\/\">Galerien meiner Arbeiten<\/a> aus der Vergangenheit anzuschauen. Wenn Sie mehr erfahren m\u00f6chten <a href=\"https:\/\/bissig.ch\/content\/de\/about-me\/\">\u00fcber mich<\/a>, k\u00f6nnen Sie sich meine Arbeit ansehen und <a href=\"https:\/\/bissig.ch\/content\/de\/work\/\">Kunden <\/a>auf meiner <a href=\"https:\/\/bissig.ch\/content\/de\/\">Webseite<\/a>.<\/p><p>\u00a0<\/p>\t\t\t\t\t\t\t\t<\/div>\n\t\t\t\t<\/div>\n\t\t\t\t\t<\/div>\n\t\t<\/div>\n\t\t\t\t\t<\/div>\n\t\t<\/section>\n\t\t\t\t<section class=\"elementor-section elementor-top-section elementor-element elementor-element-24ce85b elementor-section-boxed elementor-section-height-default elementor-section-height-default\" data-id=\"24ce85b\" data-element_type=\"section\" data-e-type=\"section\" data-settings=\"{&quot;background_background&quot;:&quot;classic&quot;}\">\n\t\t\t\t\t\t<div class=\"elementor-container elementor-column-gap-default\">\n\t\t\t\t\t<div class=\"elementor-column elementor-col-50 elementor-top-column elementor-element elementor-element-93f5027\" data-id=\"93f5027\" data-element_type=\"column\" data-e-type=\"column\">\n\t\t\t<div class=\"elementor-widget-wrap elementor-element-populated\">\n\t\t\t\t\t\t<div class=\"elementor-element elementor-element-1bd52d1 elementor-widget elementor-widget-image\" data-id=\"1bd52d1\" data-element_type=\"widget\" data-e-type=\"widget\" data-widget_type=\"image.default\">\n\t\t\t\t<div class=\"elementor-widget-container\">\n\t\t\t\t\t\t\t\t\t\t\t\t\t\t\t<img fetchpriority=\"high\" decoding=\"async\" width=\"1024\" height=\"683\" src=\"https:\/\/bissig.ch\/content\/wp-content\/uploads\/2022\/05\/polkadot-wef2022-0035-1024x683.jpg\" class=\"attachment-large size-large wp-image-2055\" alt=\"WEF Davos Fotografie and Videografie\" srcset=\"https:\/\/bissig.ch\/content\/wp-content\/uploads\/2022\/05\/polkadot-wef2022-0035-1024x683.jpg 1024w, https:\/\/bissig.ch\/content\/wp-content\/uploads\/2022\/05\/polkadot-wef2022-0035-300x200.jpg 300w, https:\/\/bissig.ch\/content\/wp-content\/uploads\/2022\/05\/polkadot-wef2022-0035-768x512.jpg 768w, https:\/\/bissig.ch\/content\/wp-content\/uploads\/2022\/05\/polkadot-wef2022-0035-1536x1025.jpg 1536w, https:\/\/bissig.ch\/content\/wp-content\/uploads\/2022\/05\/polkadot-wef2022-0035-2048x1366.jpg 2048w\" sizes=\"(max-width: 1024px) 100vw, 1024px\" \/>\t\t\t\t\t\t\t\t\t\t\t\t\t\t\t<\/div>\n\t\t\t\t<\/div>\n\t\t\t\t\t<\/div>\n\t\t<\/div>\n\t\t\t\t<div class=\"elementor-column elementor-col-50 elementor-top-column elementor-element elementor-element-02fda16\" data-id=\"02fda16\" data-element_type=\"column\" data-e-type=\"column\">\n\t\t\t<div class=\"elementor-widget-wrap elementor-element-populated\">\n\t\t\t\t\t\t<div class=\"elementor-element elementor-element-faea2cc elementor-widget elementor-widget-wp-widget-nav_menu\" data-id=\"faea2cc\" data-element_type=\"widget\" data-e-type=\"widget\" data-widget_type=\"wp-widget-nav_menu.default\">\n\t\t\t\t<div class=\"elementor-widget-container\">\n\t\t\t\t\t<h5>Weitere Dienstleistungen<\/h5><nav class=\"menu-dienstleistungen-container\" aria-label=\"Weitere Dienstleistungen\"><ul id=\"menu-dienstleistungen\" class=\"menu\"><li id=\"menu-item-2062\" class=\"menu-item menu-item-type-post_type menu-item-object-page menu-item-2062\"><a href=\"https:\/\/bissig.ch\/content\/de\/event-photography-switzerland\/\" class=\"menu-link\">Eventfotografie Schweiz<\/a><\/li>\n<li id=\"menu-item-2063\" class=\"menu-item menu-item-type-post_type menu-item-object-page menu-item-2063\"><a href=\"https:\/\/bissig.ch\/content\/de\/event-photographer-switzerland\/\" class=\"menu-link\">Eventfotograf Schweiz<\/a><\/li>\n<li id=\"menu-item-2255\" class=\"menu-item menu-item-type-post_type menu-item-object-page menu-item-2255\"><a href=\"https:\/\/bissig.ch\/content\/de\/event-photography-zuerich-by-martin-bissig-professional-photographer\/\" class=\"menu-link\">Eventfotografie Z\u00fcrich<\/a><\/li>\n<li id=\"menu-item-2264\" class=\"menu-item menu-item-type-post_type menu-item-object-page menu-item-2264\"><a href=\"https:\/\/bissig.ch\/content\/de\/event-photographer-zuerich\/\" class=\"menu-link\">Eventfotograf Z\u00fcrich<\/a><\/li>\n<li id=\"menu-item-2289\" class=\"menu-item menu-item-type-post_type menu-item-object-page menu-item-2289\"><a href=\"https:\/\/bissig.ch\/content\/de\/event-photographer-lucerne-lucerne\/\" class=\"menu-link\">Eventfotograf Luzern<\/a><\/li>\n<li id=\"menu-item-2299\" class=\"menu-item menu-item-type-post_type menu-item-object-page menu-item-2299\"><a href=\"https:\/\/bissig.ch\/content\/de\/wef-davos-photographer-videographer\/\" class=\"menu-link\">World Economic Forum WEF Davos Fotograf \/ Videograf<\/a><\/li>\n<li id=\"menu-item-2336\" class=\"menu-item menu-item-type-post_type menu-item-object-page menu-item-2336\"><a href=\"https:\/\/bissig.ch\/content\/de\/world-economic-forum-wef-davos-photography-videography\/\" class=\"menu-link\">World Economic Forum WEF Davos Fotografie \/ Videografie<\/a><\/li>\n<\/ul><\/nav>\t\t\t\t<\/div>\n\t\t\t\t<\/div>\n\t\t\t\t\t<\/div>\n\t\t<\/div>\n\t\t\t\t\t<\/div>\n\t\t<\/section>\n\t\t\t\t<section class=\"elementor-section elementor-top-section elementor-element elementor-element-094b0ab elementor-section-content-middle elementor-section-boxed elementor-section-height-default elementor-section-height-default\" data-id=\"094b0ab\" data-element_type=\"section\" data-e-type=\"section\" data-settings=\"{&quot;background_background&quot;:&quot;classic&quot;}\">\n\t\t\t\t\t\t<div class=\"elementor-container elementor-column-gap-default\">\n\t\t\t\t\t<div class=\"elementor-column elementor-col-66 elementor-top-column elementor-element elementor-element-024a6ac\" data-id=\"024a6ac\" data-element_type=\"column\" data-e-type=\"column\">\n\t\t\t<div class=\"elementor-widget-wrap elementor-element-populated\">\n\t\t\t\t\t\t<div class=\"elementor-element elementor-element-21149c5 elementor-widget elementor-widget-heading\" data-id=\"21149c5\" data-element_type=\"widget\" data-e-type=\"widget\" data-settings=\"{&quot;_animation&quot;:&quot;none&quot;}\" data-widget_type=\"heading.default\">\n\t\t\t\t<div class=\"elementor-widget-container\">\n\t\t\t\t\t<h2 class=\"elementor-heading-title elementor-size-default\">Jetzt Angebot anfragen!<\/h2>\t\t\t\t<\/div>\n\t\t\t\t<\/div>\n\t\t\t\t\t<\/div>\n\t\t<\/div>\n\t\t\t\t<div class=\"elementor-column elementor-col-33 elementor-top-column elementor-element elementor-element-0d605e5\" data-id=\"0d605e5\" data-element_type=\"column\" data-e-type=\"column\">\n\t\t\t<div class=\"elementor-widget-wrap elementor-element-populated\">\n\t\t\t\t\t\t<div class=\"elementor-element elementor-element-9c7a536 elementor-align-center elementor-tablet-align-center elementor-mobile-align-center elementor-widget elementor-widget-button\" data-id=\"9c7a536\" data-element_type=\"widget\" data-e-type=\"widget\" data-widget_type=\"button.default\">\n\t\t\t\t<div class=\"elementor-widget-container\">\n\t\t\t\t\t\t\t\t\t<div class=\"elementor-button-wrapper\">\n\t\t\t\t\t<a class=\"elementor-button elementor-button-link elementor-size-sm elementor-animation-float\" href=\"https:\/\/bissig.ch\/content\/de\/kontakt\/\" target=\"_blank\">\n\t\t\t\t\t\t<span class=\"elementor-button-content-wrapper\">\n\t\t\t\t\t\t\t\t\t<span class=\"elementor-button-text\">Jetzt Angebot anfragen<\/span>\n\t\t\t\t\t<\/span>\n\t\t\t\t\t<\/a>\n\t\t\t\t<\/div>\n\t\t\t\t\t\t\t\t<\/div>\n\t\t\t\t<\/div>\n\t\t\t\t\t<\/div>\n\t\t<\/div>\n\t\t\t\t\t<\/div>\n\t\t<\/section>\n\t\t\t\t<section class=\"elementor-section elementor-top-section elementor-element elementor-element-a993874 elementor-section-boxed elementor-section-height-default elementor-section-height-default\" data-id=\"a993874\" data-element_type=\"section\" data-e-type=\"section\" data-settings=\"{&quot;background_background&quot;:&quot;classic&quot;}\">\n\t\t\t\t\t\t<div class=\"elementor-container elementor-column-gap-no\">\n\t\t\t\t\t<div class=\"elementor-column elementor-col-100 elementor-top-column elementor-element elementor-element-eab9c84\" data-id=\"eab9c84\" data-element_type=\"column\" data-e-type=\"column\">\n\t\t\t<div class=\"elementor-widget-wrap elementor-element-populated\">\n\t\t\t\t\t\t<div class=\"elementor-element elementor-element-ba2411f elementor-widget elementor-widget-text-editor\" data-id=\"ba2411f\" data-element_type=\"widget\" data-e-type=\"widget\" data-widget_type=\"text-editor.default\">\n\t\t\t\t<div class=\"elementor-widget-container\">\n\t\t\t\t\t\t\t\t\t<h4 dir=\"auto\" data-pm-slice=\"1 1 []\">Beeindrucken Sie mit professioneller Fotografie<\/h4><p dir=\"auto\">Der professionelle Fotograf Martin Bissig wird Ihr Firmenevent, Reden usw. einfangen. Martin ist ein hochqualifizierter Fotograf mit \u00fcber 10 Jahren Erfahrung in der Eventfotografie. Der Fotograf kommt aus der Schweiz und hat beim Weltwirtschaftsforum WEF in Davos gearbeitet. Er verf\u00fcgt \u00fcber jahrelange Erfahrung in der Fotografie f\u00fcr internationale Kunden auf der ganzen Welt.<\/p>\t\t\t\t\t\t\t\t<\/div>\n\t\t\t\t<\/div>\n\t\t\t\t\t<\/div>\n\t\t<\/div>\n\t\t\t\t\t<\/div>\n\t\t<\/section>\n\t\t\t\t<\/div>","protected":false},"excerpt":{"rendered":"<p>WEF Davos Photography \/ Videography Book my service:\u00a0WEF Davos Photography or Videography Do you need event photography at the World Economic Forum WEF in Davos to take pictures of your event? I am Martin Bissig. I live in Switzerland and am a Canon Ambassador. I will take care of your WEF Davos photography and videography! [&hellip;]<\/p>\n","protected":false},"author":1,"featured_media":0,"parent":0,"menu_order":0,"comment_status":"closed","ping_status":"closed","template":"","meta":{"site-sidebar-layout":"no-sidebar","site-content-layout":"page-builder","ast-site-content-layout":"default","site-content-style":"default","site-sidebar-style":"default","ast-global-header-display":"","ast-banner-title-visibility":"","ast-main-header-display":"","ast-hfb-above-header-display":"","ast-hfb-below-header-display":"","ast-hfb-mobile-header-display":"","site-post-title":"disabled","ast-breadcrumbs-content":"","ast-featured-img":"disabled","footer-sml-layout":"","ast-disable-related-posts":"","theme-transparent-header-meta":"","adv-header-id-meta":"","stick-header-meta":"","header-above-stick-meta":"","header-main-stick-meta":"","header-below-stick-meta":"","astra-migrate-meta-layouts":"default","ast-page-background-enabled":"default","ast-page-background-meta":{"desktop":{"background-color":"","background-image":"","background-repeat":"repeat","background-position":"center center","background-size":"auto","background-attachment":"scroll","background-type":"","background-media":"","overlay-type":"","overlay-color":"","overlay-opacity":"","overlay-gradient":""},"tablet":{"background-color":"","background-image":"","background-repeat":"repeat","background-position":"center center","background-size":"auto","background-attachment":"scroll","background-type":"","background-media":"","overlay-type":"","overlay-color":"","overlay-opacity":"","overlay-gradient":""},"mobile":{"background-color":"","background-image":"","background-repeat":"repeat","background-position":"center center","background-size":"auto","background-attachment":"scroll","background-type":"","background-media":"","overlay-type":"","overlay-color":"","overlay-opacity":"","overlay-gradient":""}},"ast-content-background-meta":{"desktop":{"background-color":"var(--ast-global-color-5)","background-image":"","background-repeat":"repeat","background-position":"center center","background-size":"auto","background-attachment":"scroll","background-type":"","background-media":"","overlay-type":"","overlay-color":"","overlay-opacity":"","overlay-gradient":""},"tablet":{"background-color":"var(--ast-global-color-5)","background-image":"","background-repeat":"repeat","background-position":"center center","background-size":"auto","background-attachment":"scroll","background-type":"","background-media":"","overlay-type":"","overlay-color":"","overlay-opacity":"","overlay-gradient":""},"mobile":{"background-color":"var(--ast-global-color-5)","background-image":"","background-repeat":"repeat","background-position":"center center","background-size":"auto","background-attachment":"scroll","background-type":"","background-media":"","overlay-type":"","overlay-color":"","overlay-opacity":"","overlay-gradient":""}},"footnotes":""},"class_list":["post-2320","page","type-page","status-publish","hentry"],"yoast_head":"<!-- This site is optimized with the Yoast SEO plugin v27.5 - https:\/\/yoast.com\/product\/yoast-seo-wordpress\/ -->\n<title>World Economic Forum WEF Davos Photography \/ Videography<\/title>\n<meta name=\"description\" content=\"WEF Davos Photography and Videography: Martin Bissig and his team capture your event or your delegation at the World Economic Forum in Davos\" \/>\n<meta name=\"robots\" content=\"index, follow, max-snippet:-1, max-image-preview:large, max-video-preview:-1\" \/>\n<link rel=\"canonical\" href=\"https:\/\/bissig.ch\/content\/de\/weltwirtschaftsforum-wef-davos-fotografie-videografie\/\" \/>\n<meta property=\"og:locale\" content=\"de_DE\" \/>\n<meta property=\"og:type\" content=\"article\" \/>\n<meta property=\"og:title\" content=\"World Economic Forum WEF Davos Photography \/ Videography\" \/>\n<meta property=\"og:description\" content=\"WEF Davos Photography and Videography: Martin Bissig and his team capture your event or your delegation at the World Economic Forum in Davos\" \/>\n<meta property=\"og:url\" content=\"https:\/\/bissig.ch\/content\/de\/weltwirtschaftsforum-wef-davos-fotografie-videografie\/\" \/>\n<meta property=\"og:site_name\" content=\"Martin Bissig - Photographer\" \/>\n<meta property=\"article:modified_time\" content=\"2023-01-23T17:23:01+00:00\" \/>\n<meta property=\"og:image\" content=\"https:\/\/bissig.ch\/content\/wp-content\/uploads\/2022\/05\/polkadot-wef2022-0035-1024x683.jpg\" \/>\n<meta name=\"twitter:card\" content=\"summary_large_image\" \/>\n<meta name=\"twitter:label1\" content=\"Gesch\u00e4tzte Lesezeit\" \/>\n\t<meta name=\"twitter:data1\" content=\"3\u00a0Minuten\" \/>\n<script type=\"application\/ld+json\" class=\"yoast-schema-graph\">{\"@context\":\"https:\\\/\\\/schema.org\",\"@graph\":[{\"@type\":\"WebPage\",\"@id\":\"https:\\\/\\\/bissig.ch\\\/content\\\/world-economic-forum-wef-davos-photography-videography\\\/\",\"url\":\"https:\\\/\\\/bissig.ch\\\/content\\\/world-economic-forum-wef-davos-photography-videography\\\/\",\"name\":\"World Economic Forum WEF Davos Photography \\\/ Videography\",\"isPartOf\":{\"@id\":\"https:\\\/\\\/bissig.ch\\\/content\\\/#website\"},\"primaryImageOfPage\":{\"@id\":\"https:\\\/\\\/bissig.ch\\\/content\\\/world-economic-forum-wef-davos-photography-videography\\\/#primaryimage\"},\"image\":{\"@id\":\"https:\\\/\\\/bissig.ch\\\/content\\\/world-economic-forum-wef-davos-photography-videography\\\/#primaryimage\"},\"thumbnailUrl\":\"https:\\\/\\\/bissig.ch\\\/content\\\/wp-content\\\/uploads\\\/2022\\\/05\\\/polkadot-wef2022-0035-1024x683.jpg\",\"datePublished\":\"2023-01-23T17:10:38+00:00\",\"dateModified\":\"2023-01-23T17:23:01+00:00\",\"description\":\"WEF Davos Photography and Videography: Martin Bissig and his team capture your event or your delegation at the World Economic Forum in Davos\",\"breadcrumb\":{\"@id\":\"https:\\\/\\\/bissig.ch\\\/content\\\/world-economic-forum-wef-davos-photography-videography\\\/#breadcrumb\"},\"inLanguage\":\"de\",\"potentialAction\":[{\"@type\":\"ReadAction\",\"target\":[\"https:\\\/\\\/bissig.ch\\\/content\\\/world-economic-forum-wef-davos-photography-videography\\\/\"]}]},{\"@type\":\"ImageObject\",\"inLanguage\":\"de\",\"@id\":\"https:\\\/\\\/bissig.ch\\\/content\\\/world-economic-forum-wef-davos-photography-videography\\\/#primaryimage\",\"url\":\"https:\\\/\\\/bissig.ch\\\/content\\\/wp-content\\\/uploads\\\/2022\\\/05\\\/polkadot-wef2022-0035-1024x683.jpg\",\"contentUrl\":\"https:\\\/\\\/bissig.ch\\\/content\\\/wp-content\\\/uploads\\\/2022\\\/05\\\/polkadot-wef2022-0035-1024x683.jpg\"},{\"@type\":\"BreadcrumbList\",\"@id\":\"https:\\\/\\\/bissig.ch\\\/content\\\/world-economic-forum-wef-davos-photography-videography\\\/#breadcrumb\",\"itemListElement\":[{\"@type\":\"ListItem\",\"position\":1,\"name\":\"Startseite\",\"item\":\"https:\\\/\\\/bissig.ch\\\/content\\\/\"},{\"@type\":\"ListItem\",\"position\":2,\"name\":\"World Economic Forum WEF Davos Photography \\\/ Videography\"}]},{\"@type\":\"WebSite\",\"@id\":\"https:\\\/\\\/bissig.ch\\\/content\\\/#website\",\"url\":\"https:\\\/\\\/bissig.ch\\\/content\\\/\",\"name\":\"Martin Bissig - Event Photographer\",\"description\":\"Martin Bissig is your event photographer for event photography in Switzerland\",\"publisher\":{\"@id\":\"https:\\\/\\\/bissig.ch\\\/content\\\/#organization\"},\"potentialAction\":[{\"@type\":\"SearchAction\",\"target\":{\"@type\":\"EntryPoint\",\"urlTemplate\":\"https:\\\/\\\/bissig.ch\\\/content\\\/?s={search_term_string}\"},\"query-input\":{\"@type\":\"PropertyValueSpecification\",\"valueRequired\":true,\"valueName\":\"search_term_string\"}}],\"inLanguage\":\"de\"},{\"@type\":\"Organization\",\"@id\":\"https:\\\/\\\/bissig.ch\\\/content\\\/#organization\",\"name\":\"Martin Bissig - Event Photographer\",\"url\":\"https:\\\/\\\/bissig.ch\\\/content\\\/\",\"logo\":{\"@type\":\"ImageObject\",\"inLanguage\":\"de\",\"@id\":\"https:\\\/\\\/bissig.ch\\\/content\\\/#\\\/schema\\\/logo\\\/image\\\/\",\"url\":\"https:\\\/\\\/bissig.ch\\\/content\\\/wp-content\\\/uploads\\\/2022\\\/05\\\/even-photographer-logo-min.png\",\"contentUrl\":\"https:\\\/\\\/bissig.ch\\\/content\\\/wp-content\\\/uploads\\\/2022\\\/05\\\/even-photographer-logo-min.png\",\"width\":660,\"height\":154,\"caption\":\"Martin Bissig - Event Photographer\"},\"image\":{\"@id\":\"https:\\\/\\\/bissig.ch\\\/content\\\/#\\\/schema\\\/logo\\\/image\\\/\"}}]}<\/script>\n<!-- \/ Yoast SEO plugin. -->","yoast_head_json":{"title":"World Economic Forum WEF Davos Fotografie \/ Videografie","description":"WEF Davos Fotografie und Videografie: Martin Bissig und sein Team halten Ihre Veranstaltung oder Ihre Delegation am Weltwirtschaftsforum in Davos fest","robots":{"index":"index","follow":"follow","max-snippet":"max-snippet:-1","max-image-preview":"max-image-preview:large","max-video-preview":"max-video-preview:-1"},"canonical":"https:\/\/bissig.ch\/content\/de\/weltwirtschaftsforum-wef-davos-fotografie-videografie\/","og_locale":"de_DE","og_type":"article","og_title":"World Economic Forum WEF Davos Photography \/ Videography","og_description":"WEF Davos Photography and Videography: Martin Bissig and his team capture your event or your delegation at the World Economic Forum in Davos","og_url":"https:\/\/bissig.ch\/content\/de\/weltwirtschaftsforum-wef-davos-fotografie-videografie\/","og_site_name":"Martin Bissig - Photographer","article_modified_time":"2023-01-23T17:23:01+00:00","og_image":[{"url":"https:\/\/bissig.ch\/content\/wp-content\/uploads\/2022\/05\/polkadot-wef2022-0035-1024x683.jpg","type":"","width":"","height":""}],"twitter_card":"summary_large_image","twitter_misc":{"Gesch\u00e4tzte Lesezeit":"3\u00a0Minuten"},"schema":{"@context":"https:\/\/schema.org","@graph":[{"@type":"WebPage","@id":"https:\/\/bissig.ch\/content\/world-economic-forum-wef-davos-photography-videography\/","url":"https:\/\/bissig.ch\/content\/world-economic-forum-wef-davos-photography-videography\/","name":"World Economic Forum WEF Davos Fotografie \/ Videografie","isPartOf":{"@id":"https:\/\/bissig.ch\/content\/#website"},"primaryImageOfPage":{"@id":"https:\/\/bissig.ch\/content\/world-economic-forum-wef-davos-photography-videography\/#primaryimage"},"image":{"@id":"https:\/\/bissig.ch\/content\/world-economic-forum-wef-davos-photography-videography\/#primaryimage"},"thumbnailUrl":"https:\/\/bissig.ch\/content\/wp-content\/uploads\/2022\/05\/polkadot-wef2022-0035-1024x683.jpg","datePublished":"2023-01-23T17:10:38+00:00","dateModified":"2023-01-23T17:23:01+00:00","description":"WEF Davos Fotografie und Videografie: Martin Bissig und sein Team halten Ihre Veranstaltung oder Ihre Delegation am Weltwirtschaftsforum in Davos fest","breadcrumb":{"@id":"https:\/\/bissig.ch\/content\/world-economic-forum-wef-davos-photography-videography\/#breadcrumb"},"inLanguage":"de","potentialAction":[{"@type":"ReadAction","target":["https:\/\/bissig.ch\/content\/world-economic-forum-wef-davos-photography-videography\/"]}]},{"@type":"ImageObject","inLanguage":"de","@id":"https:\/\/bissig.ch\/content\/world-economic-forum-wef-davos-photography-videography\/#primaryimage","url":"https:\/\/bissig.ch\/content\/wp-content\/uploads\/2022\/05\/polkadot-wef2022-0035-1024x683.jpg","contentUrl":"https:\/\/bissig.ch\/content\/wp-content\/uploads\/2022\/05\/polkadot-wef2022-0035-1024x683.jpg"},{"@type":"BreadcrumbList","@id":"https:\/\/bissig.ch\/content\/world-economic-forum-wef-davos-photography-videography\/#breadcrumb","itemListElement":[{"@type":"ListItem","position":1,"name":"Startseite","item":"https:\/\/bissig.ch\/content\/"},{"@type":"ListItem","position":2,"name":"World Economic Forum WEF Davos Photography \/ Videography"}]},{"@type":"WebSite","@id":"https:\/\/bissig.ch\/content\/#website","url":"https:\/\/bissig.ch\/content\/","name":"Martin Bissig - Veranstaltungsfotograf","description":"Martin Bissig ist Ihr Eventfotograf f\u00fcr Eventfotografie in der Schweiz","publisher":{"@id":"https:\/\/bissig.ch\/content\/#organization"},"potentialAction":[{"@type":"SearchAction","target":{"@type":"EntryPoint","urlTemplate":"https:\/\/bissig.ch\/content\/?s={search_term_string}"},"query-input":{"@type":"PropertyValueSpecification","valueRequired":true,"valueName":"search_term_string"}}],"inLanguage":"de"},{"@type":"Organization","@id":"https:\/\/bissig.ch\/content\/#organization","name":"Martin Bissig - Veranstaltungsfotograf","url":"https:\/\/bissig.ch\/content\/","logo":{"@type":"ImageObject","inLanguage":"de","@id":"https:\/\/bissig.ch\/content\/#\/schema\/logo\/image\/","url":"https:\/\/bissig.ch\/content\/wp-content\/uploads\/2022\/05\/even-photographer-logo-min.png","contentUrl":"https:\/\/bissig.ch\/content\/wp-content\/uploads\/2022\/05\/even-photographer-logo-min.png","width":660,"height":154,"caption":"Martin Bissig - Event Photographer"},"image":{"@id":"https:\/\/bissig.ch\/content\/#\/schema\/logo\/image\/"}}]}},"_links":{"self":[{"href":"https:\/\/bissig.ch\/content\/de\/wp-json\/wp\/v2\/pages\/2320","targetHints":{"allow":["GET"]}}],"collection":[{"href":"https:\/\/bissig.ch\/content\/de\/wp-json\/wp\/v2\/pages"}],"about":[{"href":"https:\/\/bissig.ch\/content\/de\/wp-json\/wp\/v2\/types\/page"}],"author":[{"embeddable":true,"href":"https:\/\/bissig.ch\/content\/de\/wp-json\/wp\/v2\/users\/1"}],"replies":[{"embeddable":true,"href":"https:\/\/bissig.ch\/content\/de\/wp-json\/wp\/v2\/comments?post=2320"}],"version-history":[{"count":14,"href":"https:\/\/bissig.ch\/content\/de\/wp-json\/wp\/v2\/pages\/2320\/revisions"}],"predecessor-version":[{"id":2335,"href":"https:\/\/bissig.ch\/content\/de\/wp-json\/wp\/v2\/pages\/2320\/revisions\/2335"}],"wp:attachment":[{"href":"https:\/\/bissig.ch\/content\/de\/wp-json\/wp\/v2\/media?parent=2320"}],"curies":[{"name":"wp","href":"https:\/\/api.w.org\/{rel}","templated":true}]}}