{"id":2256,"date":"2023-01-22T14:56:11","date_gmt":"2023-01-22T14:56:11","guid":{"rendered":"https:\/\/bissig.ch\/content\/?page_id=2256"},"modified":"2023-01-22T15:12:55","modified_gmt":"2023-01-22T15:12:55","slug":"event-photographer-zuerich","status":"publish","type":"page","link":"https:\/\/bissig.ch\/content\/de\/event-photographer-zuerich\/","title":{"rendered":"Event-Fotograf Z\u00fcrich von Martin Bissig"},"content":{"rendered":"<div data-elementor-type=\"wp-post\" data-elementor-id=\"2256\" class=\"elementor elementor-2256\" data-elementor-post-type=\"page\">\n\t\t\t\t\t\t<section class=\"elementor-section elementor-top-section elementor-element elementor-element-629daeb elementor-section-boxed elementor-section-height-default elementor-section-height-default\" data-id=\"629daeb\" data-element_type=\"section\" data-e-type=\"section\" data-settings=\"{&quot;background_background&quot;:&quot;classic&quot;}\">\n\t\t\t\t\t\t<div class=\"elementor-container elementor-column-gap-default\">\n\t\t\t\t\t<div class=\"elementor-column elementor-col-100 elementor-top-column elementor-element elementor-element-35e339a\" data-id=\"35e339a\" data-element_type=\"column\" data-e-type=\"column\">\n\t\t\t<div class=\"elementor-widget-wrap elementor-element-populated\">\n\t\t\t\t\t\t<div class=\"elementor-element elementor-element-e75c1b6 elementor-widget elementor-widget-heading\" data-id=\"e75c1b6\" data-element_type=\"widget\" data-e-type=\"widget\" data-widget_type=\"heading.default\">\n\t\t\t\t<div class=\"elementor-widget-container\">\n\t\t\t\t\t<h1 class=\"elementor-heading-title elementor-size-default\">Eventfotograf Z\u00fcrich<\/h1>\t\t\t\t<\/div>\n\t\t\t\t<\/div>\n\t\t\t\t\t<\/div>\n\t\t<\/div>\n\t\t\t\t\t<\/div>\n\t\t<\/section>\n\t\t\t\t<section class=\"elementor-section elementor-top-section elementor-element elementor-element-d1818ca elementor-section-boxed elementor-section-height-default elementor-section-height-default\" data-id=\"d1818ca\" data-element_type=\"section\" data-e-type=\"section\" data-settings=\"{&quot;background_background&quot;:&quot;classic&quot;}\">\n\t\t\t\t\t\t<div class=\"elementor-container elementor-column-gap-no\">\n\t\t\t\t\t<div class=\"elementor-column elementor-col-100 elementor-top-column elementor-element elementor-element-ebc122d\" data-id=\"ebc122d\" data-element_type=\"column\" data-e-type=\"column\">\n\t\t\t<div class=\"elementor-widget-wrap elementor-element-populated\">\n\t\t\t\t\t\t<div class=\"elementor-element elementor-element-99be015 elementor-widget elementor-widget-text-editor\" data-id=\"99be015\" data-element_type=\"widget\" data-e-type=\"widget\" data-widget_type=\"text-editor.default\">\n\t\t\t\t<div class=\"elementor-widget-container\">\n\t\t\t\t\t\t\t\t\t<h2>Buchen Sie mich als Ihren Eventfotografen in Z\u00fcrich<\/h2><p>Ich bin einer der wenigen Event-Fotografen in der Schweiz mit fundiertem Fachwissen in Industrie und Handel. Seit 2004 habe ich f\u00fcr Google, HP, KPMG und viele andere Unternehmen gearbeitet. Ich wohne in Zug, das im Herzen der Schweiz liegt. Ich kann Z\u00fcrich und Luzern in etwa 30 Minuten erreichen. Meine Honorare decken alle Fahrtkosten im Umkreis von 50 Kilometern um meinen Standort ab, so dass Sie sich dar\u00fcber keine Gedanken machen m\u00fcssen!<\/p><h3>Wie viel kostet die Eventfotografie?<\/h3><p>Ich halte es f\u00fcr wichtig, dass meine Preise gut strukturiert und einfach zu verstehen sind. Halbtags- und Ganztagsshootings sind preislich unterschiedlich. Was die Pakete angeht, so biete ich sowohl Basis-Retusche als auch Premium-Pakete an, die spezielle High-End-Retusche beinhalten. <a href=\"https:\/\/bissig.ch\/content\/de\/kontakt\/\">Bitte kontaktieren Sie mich f\u00fcr ein individuelles Angebot<\/a>!<\/p><h3><span style=\"font-style: inherit; font-weight: inherit; background-color: var( --e-global-color-astglobalcolor4 );\">Wie erhalte ich die fertigen Bilder?<\/span><\/h3><p>Sie erhalten eine passwortgesch\u00fctzte Galerie mit ver\u00e4nderten Fotos, die Sie nach Belieben verwenden k\u00f6nnen. Diese k\u00f6nnen Sie mit Kunden, G\u00e4sten oder Teilnehmern teilen. Hier ist eine <a href=\"https:\/\/gallery.bissig.ch\/gallery\/polkadot-at-wef-2022\/ff297ca8-9571-41f9-bf62-32f21a0c32bc\">Beispielgalerie<\/a> die wir speziell f\u00fcr Sie erstellt haben! Alle Bilder d\u00fcrfen Sie auf Dauer behalten.<\/p><h3><span style=\"font-style: inherit; font-weight: inherit; background-color: var( --e-global-color-astglobalcolor4 );\">Wer wird meine Veranstaltung fotografieren?<\/span><\/h3><p>In meinem Leben dreht sich alles um die Kamera. Seit 2019 bin ich europ\u00e4ischer Canon-Botschafter und habe mit multinationalen Unternehmen im In- und Ausland zusammengearbeitet. Ich arbeite gerne drau\u00dfen, aber auch gerne in Studios. Besuchen Sie meine <a href=\"https:\/\/bissig.ch\/content\/de\/eventfotografie-zurich-zug-luzern\/\">Webseite <\/a>um mehr zu erfahren \u00fcber <a href=\"https:\/\/bissig.ch\/content\/de\/about-me\/\">mich selbst, meine Arbeit und meinen Kundenkreis<\/a>.<\/p><p><span style=\"font-style: inherit; font-weight: inherit; background-color: var( --e-global-color-astglobalcolor4 );\">Dies ist eine <a href=\"https:\/\/bissig.ch\/content\/de\/eventfotografie-bildergalerie\/\">Sammlung von Bildern<\/a> aus meiner fr\u00fcheren Arbeit. Ich kann sie aus Datenschutzgr\u00fcnden nicht alle ver\u00f6ffentlichen, aber wenn Sie weitere Beispiele w\u00fcnschen, z\u00f6gern Sie bitte nicht, mich zu kontaktieren.<\/span><\/p>\t\t\t\t\t\t\t\t<\/div>\n\t\t\t\t<\/div>\n\t\t\t\t\t<\/div>\n\t\t<\/div>\n\t\t\t\t\t<\/div>\n\t\t<\/section>\n\t\t\t\t<section class=\"elementor-section elementor-top-section elementor-element elementor-element-24ce85b elementor-section-boxed elementor-section-height-default elementor-section-height-default\" data-id=\"24ce85b\" data-element_type=\"section\" data-e-type=\"section\" data-settings=\"{&quot;background_background&quot;:&quot;classic&quot;}\">\n\t\t\t\t\t\t<div class=\"elementor-container elementor-column-gap-default\">\n\t\t\t\t\t<div class=\"elementor-column elementor-col-50 elementor-top-column elementor-element elementor-element-93f5027\" data-id=\"93f5027\" data-element_type=\"column\" data-e-type=\"column\">\n\t\t\t<div class=\"elementor-widget-wrap elementor-element-populated\">\n\t\t\t\t\t\t<div class=\"elementor-element elementor-element-1bd52d1 elementor-widget elementor-widget-image\" data-id=\"1bd52d1\" data-element_type=\"widget\" data-e-type=\"widget\" data-widget_type=\"image.default\">\n\t\t\t\t<div class=\"elementor-widget-container\">\n\t\t\t\t\t\t\t\t\t\t\t\t\t\t\t<img fetchpriority=\"high\" decoding=\"async\" width=\"1024\" height=\"575\" src=\"https:\/\/bissig.ch\/content\/wp-content\/uploads\/2022\/05\/kpmg_alumni_19_martinbissig_1119-1024x575.jpg\" class=\"attachment-large size-large wp-image-2116\" alt=\"Eventfotograf Z\u00fcrich\" srcset=\"https:\/\/bissig.ch\/content\/wp-content\/uploads\/2022\/05\/kpmg_alumni_19_martinbissig_1119-1024x575.jpg 1024w, https:\/\/bissig.ch\/content\/wp-content\/uploads\/2022\/05\/kpmg_alumni_19_martinbissig_1119-300x168.jpg 300w, https:\/\/bissig.ch\/content\/wp-content\/uploads\/2022\/05\/kpmg_alumni_19_martinbissig_1119-768x431.jpg 768w, https:\/\/bissig.ch\/content\/wp-content\/uploads\/2022\/05\/kpmg_alumni_19_martinbissig_1119-1536x862.jpg 1536w, https:\/\/bissig.ch\/content\/wp-content\/uploads\/2022\/05\/kpmg_alumni_19_martinbissig_1119-2048x1150.jpg 2048w\" sizes=\"(max-width: 1024px) 100vw, 1024px\" \/>\t\t\t\t\t\t\t\t\t\t\t\t\t\t\t<\/div>\n\t\t\t\t<\/div>\n\t\t\t\t\t<\/div>\n\t\t<\/div>\n\t\t\t\t<div class=\"elementor-column elementor-col-50 elementor-top-column elementor-element elementor-element-02fda16\" data-id=\"02fda16\" data-element_type=\"column\" data-e-type=\"column\">\n\t\t\t<div class=\"elementor-widget-wrap elementor-element-populated\">\n\t\t\t\t\t\t<div class=\"elementor-element elementor-element-faea2cc elementor-widget elementor-widget-wp-widget-nav_menu\" data-id=\"faea2cc\" data-element_type=\"widget\" data-e-type=\"widget\" data-widget_type=\"wp-widget-nav_menu.default\">\n\t\t\t\t<div class=\"elementor-widget-container\">\n\t\t\t\t\t<h5>Weitere Dienstleistungen<\/h5><nav class=\"menu-dienstleistungen-container\" aria-label=\"Weitere Dienstleistungen\"><ul id=\"menu-dienstleistungen\" class=\"menu\"><li id=\"menu-item-2062\" class=\"menu-item menu-item-type-post_type menu-item-object-page menu-item-2062\"><a href=\"https:\/\/bissig.ch\/content\/de\/event-photography-switzerland\/\" class=\"menu-link\">Eventfotografie Schweiz<\/a><\/li>\n<li id=\"menu-item-2063\" class=\"menu-item menu-item-type-post_type menu-item-object-page menu-item-2063\"><a href=\"https:\/\/bissig.ch\/content\/de\/event-photographer-switzerland\/\" class=\"menu-link\">Eventfotograf Schweiz<\/a><\/li>\n<li id=\"menu-item-2255\" class=\"menu-item menu-item-type-post_type menu-item-object-page menu-item-2255\"><a href=\"https:\/\/bissig.ch\/content\/de\/event-photography-zuerich-by-martin-bissig-professional-photographer\/\" class=\"menu-link\">Eventfotografie Z\u00fcrich<\/a><\/li>\n<li id=\"menu-item-2264\" class=\"menu-item menu-item-type-post_type menu-item-object-page menu-item-2264\"><a href=\"https:\/\/bissig.ch\/content\/de\/event-photographer-zuerich\/\" class=\"menu-link\">Eventfotograf Z\u00fcrich<\/a><\/li>\n<li id=\"menu-item-2289\" class=\"menu-item menu-item-type-post_type menu-item-object-page menu-item-2289\"><a href=\"https:\/\/bissig.ch\/content\/de\/event-photographer-lucerne-lucerne\/\" class=\"menu-link\">Eventfotograf Luzern<\/a><\/li>\n<li id=\"menu-item-2299\" class=\"menu-item menu-item-type-post_type menu-item-object-page menu-item-2299\"><a href=\"https:\/\/bissig.ch\/content\/de\/wef-davos-photographer-videographer\/\" class=\"menu-link\">World Economic Forum WEF Davos Fotograf \/ Videograf<\/a><\/li>\n<li id=\"menu-item-2336\" class=\"menu-item menu-item-type-post_type menu-item-object-page menu-item-2336\"><a href=\"https:\/\/bissig.ch\/content\/de\/world-economic-forum-wef-davos-photography-videography\/\" class=\"menu-link\">World Economic Forum WEF Davos Fotografie \/ Videografie<\/a><\/li>\n<\/ul><\/nav>\t\t\t\t<\/div>\n\t\t\t\t<\/div>\n\t\t\t\t\t<\/div>\n\t\t<\/div>\n\t\t\t\t\t<\/div>\n\t\t<\/section>\n\t\t\t\t<section class=\"elementor-section elementor-top-section elementor-element elementor-element-094b0ab elementor-section-content-middle elementor-section-boxed elementor-section-height-default elementor-section-height-default\" data-id=\"094b0ab\" data-element_type=\"section\" data-e-type=\"section\" data-settings=\"{&quot;background_background&quot;:&quot;classic&quot;}\">\n\t\t\t\t\t\t<div class=\"elementor-container elementor-column-gap-default\">\n\t\t\t\t\t<div class=\"elementor-column elementor-col-66 elementor-top-column elementor-element elementor-element-024a6ac\" data-id=\"024a6ac\" data-element_type=\"column\" data-e-type=\"column\">\n\t\t\t<div class=\"elementor-widget-wrap elementor-element-populated\">\n\t\t\t\t\t\t<div class=\"elementor-element elementor-element-21149c5 elementor-widget elementor-widget-heading\" data-id=\"21149c5\" data-element_type=\"widget\" data-e-type=\"widget\" data-settings=\"{&quot;_animation&quot;:&quot;none&quot;}\" data-widget_type=\"heading.default\">\n\t\t\t\t<div class=\"elementor-widget-container\">\n\t\t\t\t\t<h2 class=\"elementor-heading-title elementor-size-default\">Jetzt Angebot anfragen!<\/h2>\t\t\t\t<\/div>\n\t\t\t\t<\/div>\n\t\t\t\t\t<\/div>\n\t\t<\/div>\n\t\t\t\t<div class=\"elementor-column elementor-col-33 elementor-top-column elementor-element elementor-element-0d605e5\" data-id=\"0d605e5\" data-element_type=\"column\" data-e-type=\"column\">\n\t\t\t<div class=\"elementor-widget-wrap elementor-element-populated\">\n\t\t\t\t\t\t<div class=\"elementor-element elementor-element-9c7a536 elementor-align-center elementor-tablet-align-center elementor-mobile-align-center elementor-widget elementor-widget-button\" data-id=\"9c7a536\" data-element_type=\"widget\" data-e-type=\"widget\" data-widget_type=\"button.default\">\n\t\t\t\t<div class=\"elementor-widget-container\">\n\t\t\t\t\t\t\t\t\t<div class=\"elementor-button-wrapper\">\n\t\t\t\t\t<a class=\"elementor-button elementor-button-link elementor-size-sm elementor-animation-float\" href=\"https:\/\/bissig.ch\/content\/de\/kontakt\/\" target=\"_blank\">\n\t\t\t\t\t\t<span class=\"elementor-button-content-wrapper\">\n\t\t\t\t\t\t\t\t\t<span class=\"elementor-button-text\">Jetzt Angebot anfragen<\/span>\n\t\t\t\t\t<\/span>\n\t\t\t\t\t<\/a>\n\t\t\t\t<\/div>\n\t\t\t\t\t\t\t\t<\/div>\n\t\t\t\t<\/div>\n\t\t\t\t\t<\/div>\n\t\t<\/div>\n\t\t\t\t\t<\/div>\n\t\t<\/section>\n\t\t\t\t<section class=\"elementor-section elementor-top-section elementor-element elementor-element-a993874 elementor-section-boxed elementor-section-height-default elementor-section-height-default\" data-id=\"a993874\" data-element_type=\"section\" data-e-type=\"section\" data-settings=\"{&quot;background_background&quot;:&quot;classic&quot;}\">\n\t\t\t\t\t\t<div class=\"elementor-container elementor-column-gap-no\">\n\t\t\t\t\t<div class=\"elementor-column elementor-col-100 elementor-top-column elementor-element elementor-element-eab9c84\" data-id=\"eab9c84\" data-element_type=\"column\" data-e-type=\"column\">\n\t\t\t<div class=\"elementor-widget-wrap elementor-element-populated\">\n\t\t\t\t\t\t<div class=\"elementor-element elementor-element-ba2411f elementor-widget elementor-widget-text-editor\" data-id=\"ba2411f\" data-element_type=\"widget\" data-e-type=\"widget\" data-widget_type=\"text-editor.default\">\n\t\t\t\t<div class=\"elementor-widget-container\">\n\t\t\t\t\t\t\t\t\t<h4 dir=\"auto\" data-pm-slice=\"1 1 []\">Beeindrucken Sie mit professioneller Fotografie<\/h4><p dir=\"auto\">Der professionelle Fotograf Martin Bissig wird Ihr Firmenevent, Reden usw. einfangen. Martin ist ein hochqualifizierter Fotograf mit \u00fcber 10 Jahren Erfahrung in der Eventfotografie. Der Fotograf kommt aus der Schweiz und hat beim Weltwirtschaftsforum WEF in Davos gearbeitet. Er verf\u00fcgt \u00fcber jahrelange Erfahrung in der Fotografie f\u00fcr internationale Kunden auf der ganzen Welt.<\/p>\t\t\t\t\t\t\t\t<\/div>\n\t\t\t\t<\/div>\n\t\t\t\t\t<\/div>\n\t\t<\/div>\n\t\t\t\t\t<\/div>\n\t\t<\/section>\n\t\t\t\t<\/div>","protected":false},"excerpt":{"rendered":"<p>Event Photographer Zurich Book me as your event photographer in Zurich I&#8217;m one of Switzerland&#8217;s few event photographers with substantial industrial and commercial expertise. I&#8217;ve worked for Google, HP, KPMG, and many other companies since 2004. I live in Zug, which is in the heart of Switzerland. I can get to Zurich and Lucerne in [&hellip;]<\/p>\n","protected":false},"author":1,"featured_media":0,"parent":0,"menu_order":0,"comment_status":"closed","ping_status":"closed","template":"","meta":{"site-sidebar-layout":"no-sidebar","site-content-layout":"page-builder","ast-site-content-layout":"default","site-content-style":"default","site-sidebar-style":"default","ast-global-header-display":"","ast-banner-title-visibility":"","ast-main-header-display":"","ast-hfb-above-header-display":"","ast-hfb-below-header-display":"","ast-hfb-mobile-header-display":"","site-post-title":"disabled","ast-breadcrumbs-content":"","ast-featured-img":"disabled","footer-sml-layout":"","ast-disable-related-posts":"","theme-transparent-header-meta":"","adv-header-id-meta":"","stick-header-meta":"","header-above-stick-meta":"","header-main-stick-meta":"","header-below-stick-meta":"","astra-migrate-meta-layouts":"default","ast-page-background-enabled":"default","ast-page-background-meta":{"desktop":{"background-color":"","background-image":"","background-repeat":"repeat","background-position":"center center","background-size":"auto","background-attachment":"scroll","background-type":"","background-media":"","overlay-type":"","overlay-color":"","overlay-opacity":"","overlay-gradient":""},"tablet":{"background-color":"","background-image":"","background-repeat":"repeat","background-position":"center center","background-size":"auto","background-attachment":"scroll","background-type":"","background-media":"","overlay-type":"","overlay-color":"","overlay-opacity":"","overlay-gradient":""},"mobile":{"background-color":"","background-image":"","background-repeat":"repeat","background-position":"center center","background-size":"auto","background-attachment":"scroll","background-type":"","background-media":"","overlay-type":"","overlay-color":"","overlay-opacity":"","overlay-gradient":""}},"ast-content-background-meta":{"desktop":{"background-color":"var(--ast-global-color-5)","background-image":"","background-repeat":"repeat","background-position":"center center","background-size":"auto","background-attachment":"scroll","background-type":"","background-media":"","overlay-type":"","overlay-color":"","overlay-opacity":"","overlay-gradient":""},"tablet":{"background-color":"var(--ast-global-color-5)","background-image":"","background-repeat":"repeat","background-position":"center center","background-size":"auto","background-attachment":"scroll","background-type":"","background-media":"","overlay-type":"","overlay-color":"","overlay-opacity":"","overlay-gradient":""},"mobile":{"background-color":"var(--ast-global-color-5)","background-image":"","background-repeat":"repeat","background-position":"center center","background-size":"auto","background-attachment":"scroll","background-type":"","background-media":"","overlay-type":"","overlay-color":"","overlay-opacity":"","overlay-gradient":""}},"footnotes":""},"class_list":["post-2256","page","type-page","status-publish","hentry"],"yoast_head":"<!-- This site is optimized with the Yoast SEO plugin v27.5 - https:\/\/yoast.com\/product\/yoast-seo-wordpress\/ -->\n<title>Event Photographer Zurich by Martin Bissig<\/title>\n<meta name=\"description\" content=\"Event Photographer Zurich: Martin Bissig is a professional photographer in Switzerland and your perfect partner as event photographer\" \/>\n<meta name=\"robots\" content=\"index, follow, max-snippet:-1, max-image-preview:large, max-video-preview:-1\" \/>\n<link rel=\"canonical\" href=\"https:\/\/bissig.ch\/content\/de\/eventfotograf-zuerich\/\" \/>\n<meta property=\"og:locale\" content=\"de_DE\" \/>\n<meta property=\"og:type\" content=\"article\" \/>\n<meta property=\"og:title\" content=\"Event Photographer Zurich by Martin Bissig\" \/>\n<meta property=\"og:description\" content=\"Event Photographer Zurich: Martin Bissig is a professional photographer in Switzerland and your perfect partner as event photographer\" \/>\n<meta property=\"og:url\" content=\"https:\/\/bissig.ch\/content\/de\/eventfotograf-zuerich\/\" \/>\n<meta property=\"og:site_name\" content=\"Martin Bissig - Photographer\" \/>\n<meta property=\"article:modified_time\" content=\"2023-01-22T15:12:55+00:00\" \/>\n<meta property=\"og:image\" content=\"https:\/\/bissig.ch\/content\/wp-content\/uploads\/2022\/05\/kpmg_alumni_19_martinbissig_1119-1024x575.jpg\" \/>\n<meta name=\"twitter:card\" content=\"summary_large_image\" \/>\n<meta name=\"twitter:label1\" content=\"Gesch\u00e4tzte Lesezeit\" \/>\n\t<meta name=\"twitter:data1\" content=\"3\u00a0Minuten\" \/>\n<script type=\"application\/ld+json\" class=\"yoast-schema-graph\">{\"@context\":\"https:\\\/\\\/schema.org\",\"@graph\":[{\"@type\":\"WebPage\",\"@id\":\"https:\\\/\\\/bissig.ch\\\/content\\\/event-photographer-zuerich\\\/\",\"url\":\"https:\\\/\\\/bissig.ch\\\/content\\\/event-photographer-zuerich\\\/\",\"name\":\"Event Photographer Zurich by Martin Bissig\",\"isPartOf\":{\"@id\":\"https:\\\/\\\/bissig.ch\\\/content\\\/#website\"},\"primaryImageOfPage\":{\"@id\":\"https:\\\/\\\/bissig.ch\\\/content\\\/event-photographer-zuerich\\\/#primaryimage\"},\"image\":{\"@id\":\"https:\\\/\\\/bissig.ch\\\/content\\\/event-photographer-zuerich\\\/#primaryimage\"},\"thumbnailUrl\":\"https:\\\/\\\/bissig.ch\\\/content\\\/wp-content\\\/uploads\\\/2022\\\/05\\\/kpmg_alumni_19_martinbissig_1119-1024x575.jpg\",\"datePublished\":\"2023-01-22T14:56:11+00:00\",\"dateModified\":\"2023-01-22T15:12:55+00:00\",\"description\":\"Event Photographer Zurich: Martin Bissig is a professional photographer in Switzerland and your perfect partner as event photographer\",\"breadcrumb\":{\"@id\":\"https:\\\/\\\/bissig.ch\\\/content\\\/event-photographer-zuerich\\\/#breadcrumb\"},\"inLanguage\":\"de\",\"potentialAction\":[{\"@type\":\"ReadAction\",\"target\":[\"https:\\\/\\\/bissig.ch\\\/content\\\/event-photographer-zuerich\\\/\"]}]},{\"@type\":\"ImageObject\",\"inLanguage\":\"de\",\"@id\":\"https:\\\/\\\/bissig.ch\\\/content\\\/event-photographer-zuerich\\\/#primaryimage\",\"url\":\"https:\\\/\\\/bissig.ch\\\/content\\\/wp-content\\\/uploads\\\/2022\\\/05\\\/kpmg_alumni_19_martinbissig_1119-1024x575.jpg\",\"contentUrl\":\"https:\\\/\\\/bissig.ch\\\/content\\\/wp-content\\\/uploads\\\/2022\\\/05\\\/kpmg_alumni_19_martinbissig_1119-1024x575.jpg\"},{\"@type\":\"BreadcrumbList\",\"@id\":\"https:\\\/\\\/bissig.ch\\\/content\\\/event-photographer-zuerich\\\/#breadcrumb\",\"itemListElement\":[{\"@type\":\"ListItem\",\"position\":1,\"name\":\"Startseite\",\"item\":\"https:\\\/\\\/bissig.ch\\\/content\\\/\"},{\"@type\":\"ListItem\",\"position\":2,\"name\":\"Event Photographer Zurich by Martin Bissig\"}]},{\"@type\":\"WebSite\",\"@id\":\"https:\\\/\\\/bissig.ch\\\/content\\\/#website\",\"url\":\"https:\\\/\\\/bissig.ch\\\/content\\\/\",\"name\":\"Martin Bissig - Event Photographer\",\"description\":\"Martin Bissig is your event photographer for event photography in Switzerland\",\"publisher\":{\"@id\":\"https:\\\/\\\/bissig.ch\\\/content\\\/#organization\"},\"potentialAction\":[{\"@type\":\"SearchAction\",\"target\":{\"@type\":\"EntryPoint\",\"urlTemplate\":\"https:\\\/\\\/bissig.ch\\\/content\\\/?s={search_term_string}\"},\"query-input\":{\"@type\":\"PropertyValueSpecification\",\"valueRequired\":true,\"valueName\":\"search_term_string\"}}],\"inLanguage\":\"de\"},{\"@type\":\"Organization\",\"@id\":\"https:\\\/\\\/bissig.ch\\\/content\\\/#organization\",\"name\":\"Martin Bissig - Event Photographer\",\"url\":\"https:\\\/\\\/bissig.ch\\\/content\\\/\",\"logo\":{\"@type\":\"ImageObject\",\"inLanguage\":\"de\",\"@id\":\"https:\\\/\\\/bissig.ch\\\/content\\\/#\\\/schema\\\/logo\\\/image\\\/\",\"url\":\"https:\\\/\\\/bissig.ch\\\/content\\\/wp-content\\\/uploads\\\/2022\\\/05\\\/even-photographer-logo-min.png\",\"contentUrl\":\"https:\\\/\\\/bissig.ch\\\/content\\\/wp-content\\\/uploads\\\/2022\\\/05\\\/even-photographer-logo-min.png\",\"width\":660,\"height\":154,\"caption\":\"Martin Bissig - Event Photographer\"},\"image\":{\"@id\":\"https:\\\/\\\/bissig.ch\\\/content\\\/#\\\/schema\\\/logo\\\/image\\\/\"}}]}<\/script>\n<!-- \/ Yoast SEO plugin. -->","yoast_head_json":{"title":"Event-Fotograf Z\u00fcrich von Martin Bissig","description":"Event-Fotograf Z\u00fcrich: Martin Bissig ist ein professioneller Fotograf in der Schweiz und Ihr perfekter Partner als Eventfotograf","robots":{"index":"index","follow":"follow","max-snippet":"max-snippet:-1","max-image-preview":"max-image-preview:large","max-video-preview":"max-video-preview:-1"},"canonical":"https:\/\/bissig.ch\/content\/de\/eventfotograf-zuerich\/","og_locale":"de_DE","og_type":"article","og_title":"Event Photographer Zurich by Martin Bissig","og_description":"Event Photographer Zurich: Martin Bissig is a professional photographer in Switzerland and your perfect partner as event photographer","og_url":"https:\/\/bissig.ch\/content\/de\/eventfotograf-zuerich\/","og_site_name":"Martin Bissig - Photographer","article_modified_time":"2023-01-22T15:12:55+00:00","og_image":[{"url":"https:\/\/bissig.ch\/content\/wp-content\/uploads\/2022\/05\/kpmg_alumni_19_martinbissig_1119-1024x575.jpg","type":"","width":"","height":""}],"twitter_card":"summary_large_image","twitter_misc":{"Gesch\u00e4tzte Lesezeit":"3\u00a0Minuten"},"schema":{"@context":"https:\/\/schema.org","@graph":[{"@type":"WebPage","@id":"https:\/\/bissig.ch\/content\/event-photographer-zuerich\/","url":"https:\/\/bissig.ch\/content\/event-photographer-zuerich\/","name":"Event-Fotograf Z\u00fcrich von Martin Bissig","isPartOf":{"@id":"https:\/\/bissig.ch\/content\/#website"},"primaryImageOfPage":{"@id":"https:\/\/bissig.ch\/content\/event-photographer-zuerich\/#primaryimage"},"image":{"@id":"https:\/\/bissig.ch\/content\/event-photographer-zuerich\/#primaryimage"},"thumbnailUrl":"https:\/\/bissig.ch\/content\/wp-content\/uploads\/2022\/05\/kpmg_alumni_19_martinbissig_1119-1024x575.jpg","datePublished":"2023-01-22T14:56:11+00:00","dateModified":"2023-01-22T15:12:55+00:00","description":"Event-Fotograf Z\u00fcrich: Martin Bissig ist ein professioneller Fotograf in der Schweiz und Ihr perfekter Partner als Eventfotograf","breadcrumb":{"@id":"https:\/\/bissig.ch\/content\/event-photographer-zuerich\/#breadcrumb"},"inLanguage":"de","potentialAction":[{"@type":"ReadAction","target":["https:\/\/bissig.ch\/content\/event-photographer-zuerich\/"]}]},{"@type":"ImageObject","inLanguage":"de","@id":"https:\/\/bissig.ch\/content\/event-photographer-zuerich\/#primaryimage","url":"https:\/\/bissig.ch\/content\/wp-content\/uploads\/2022\/05\/kpmg_alumni_19_martinbissig_1119-1024x575.jpg","contentUrl":"https:\/\/bissig.ch\/content\/wp-content\/uploads\/2022\/05\/kpmg_alumni_19_martinbissig_1119-1024x575.jpg"},{"@type":"BreadcrumbList","@id":"https:\/\/bissig.ch\/content\/event-photographer-zuerich\/#breadcrumb","itemListElement":[{"@type":"ListItem","position":1,"name":"Startseite","item":"https:\/\/bissig.ch\/content\/"},{"@type":"ListItem","position":2,"name":"Event Photographer Zurich by Martin Bissig"}]},{"@type":"WebSite","@id":"https:\/\/bissig.ch\/content\/#website","url":"https:\/\/bissig.ch\/content\/","name":"Martin Bissig - Veranstaltungsfotograf","description":"Martin Bissig ist Ihr Eventfotograf f\u00fcr Eventfotografie in der Schweiz","publisher":{"@id":"https:\/\/bissig.ch\/content\/#organization"},"potentialAction":[{"@type":"SearchAction","target":{"@type":"EntryPoint","urlTemplate":"https:\/\/bissig.ch\/content\/?s={search_term_string}"},"query-input":{"@type":"PropertyValueSpecification","valueRequired":true,"valueName":"search_term_string"}}],"inLanguage":"de"},{"@type":"Organization","@id":"https:\/\/bissig.ch\/content\/#organization","name":"Martin Bissig - Veranstaltungsfotograf","url":"https:\/\/bissig.ch\/content\/","logo":{"@type":"ImageObject","inLanguage":"de","@id":"https:\/\/bissig.ch\/content\/#\/schema\/logo\/image\/","url":"https:\/\/bissig.ch\/content\/wp-content\/uploads\/2022\/05\/even-photographer-logo-min.png","contentUrl":"https:\/\/bissig.ch\/content\/wp-content\/uploads\/2022\/05\/even-photographer-logo-min.png","width":660,"height":154,"caption":"Martin Bissig - Event Photographer"},"image":{"@id":"https:\/\/bissig.ch\/content\/#\/schema\/logo\/image\/"}}]}},"_links":{"self":[{"href":"https:\/\/bissig.ch\/content\/de\/wp-json\/wp\/v2\/pages\/2256","targetHints":{"allow":["GET"]}}],"collection":[{"href":"https:\/\/bissig.ch\/content\/de\/wp-json\/wp\/v2\/pages"}],"about":[{"href":"https:\/\/bissig.ch\/content\/de\/wp-json\/wp\/v2\/types\/page"}],"author":[{"embeddable":true,"href":"https:\/\/bissig.ch\/content\/de\/wp-json\/wp\/v2\/users\/1"}],"replies":[{"embeddable":true,"href":"https:\/\/bissig.ch\/content\/de\/wp-json\/wp\/v2\/comments?post=2256"}],"version-history":[{"count":22,"href":"https:\/\/bissig.ch\/content\/de\/wp-json\/wp\/v2\/pages\/2256\/revisions"}],"predecessor-version":[{"id":2279,"href":"https:\/\/bissig.ch\/content\/de\/wp-json\/wp\/v2\/pages\/2256\/revisions\/2279"}],"wp:attachment":[{"href":"https:\/\/bissig.ch\/content\/de\/wp-json\/wp\/v2\/media?parent=2256"}],"curies":[{"name":"wp","href":"https:\/\/api.w.org\/{rel}","templated":true}]}}