{"id":2015,"date":"2022-05-30T11:26:55","date_gmt":"2022-05-30T11:26:55","guid":{"rendered":"https:\/\/bissig.ch\/content\/?page_id=2015"},"modified":"2024-01-06T12:13:16","modified_gmt":"2024-01-06T12:13:16","slug":"event-photography-switzerland","status":"publish","type":"page","link":"https:\/\/bissig.ch\/content\/de\/event-photography-switzerland\/","title":{"rendered":"Eventfotografie Schweiz von Martin Bissig, Professioneller Fotograf"},"content":{"rendered":"<div data-elementor-type=\"wp-post\" data-elementor-id=\"2015\" class=\"elementor elementor-2015\" data-elementor-post-type=\"page\">\n\t\t\t\t\t\t<section class=\"elementor-section elementor-top-section elementor-element elementor-element-629daeb elementor-section-boxed elementor-section-height-default elementor-section-height-default\" data-id=\"629daeb\" data-element_type=\"section\" data-e-type=\"section\" data-settings=\"{&quot;background_background&quot;:&quot;classic&quot;}\">\n\t\t\t\t\t\t<div class=\"elementor-container elementor-column-gap-default\">\n\t\t\t\t\t<div class=\"elementor-column elementor-col-100 elementor-top-column elementor-element elementor-element-35e339a\" data-id=\"35e339a\" data-element_type=\"column\" data-e-type=\"column\">\n\t\t\t<div class=\"elementor-widget-wrap elementor-element-populated\">\n\t\t\t\t\t\t<div class=\"elementor-element elementor-element-e75c1b6 elementor-widget elementor-widget-heading\" data-id=\"e75c1b6\" data-element_type=\"widget\" data-e-type=\"widget\" data-widget_type=\"heading.default\">\n\t\t\t\t<div class=\"elementor-widget-container\">\n\t\t\t\t\t<h1 class=\"elementor-heading-title elementor-size-default\">Eventfotografie Schweiz<\/h1>\t\t\t\t<\/div>\n\t\t\t\t<\/div>\n\t\t\t\t\t<\/div>\n\t\t<\/div>\n\t\t\t\t\t<\/div>\n\t\t<\/section>\n\t\t\t\t<section class=\"elementor-section elementor-top-section elementor-element elementor-element-d1818ca elementor-section-boxed elementor-section-height-default elementor-section-height-default\" data-id=\"d1818ca\" data-element_type=\"section\" data-e-type=\"section\" data-settings=\"{&quot;background_background&quot;:&quot;classic&quot;}\">\n\t\t\t\t\t\t<div class=\"elementor-container elementor-column-gap-no\">\n\t\t\t\t\t<div class=\"elementor-column elementor-col-100 elementor-top-column elementor-element elementor-element-ebc122d\" data-id=\"ebc122d\" data-element_type=\"column\" data-e-type=\"column\">\n\t\t\t<div class=\"elementor-widget-wrap elementor-element-populated\">\n\t\t\t\t\t\t<div class=\"elementor-element elementor-element-99be015 elementor-widget elementor-widget-text-editor\" data-id=\"99be015\" data-element_type=\"widget\" data-e-type=\"widget\" data-widget_type=\"text-editor.default\">\n\t\t\t\t<div class=\"elementor-widget-container\">\n\t\t\t\t\t\t\t\t\t<h2>Buchen Sie mich f\u00fcr Ihre Eventfotografie in der Schweiz<\/h2><p dir=\"auto\" data-pm-slice=\"1 1 []\">Ich bin einer der wenigen Eventfotografen in der Schweiz, die umfangreiche Branchen- und kommerzielle Erfahrung haben. Seit 2004 arbeite ich f\u00fcr Google, HP, KPMG und viele mehr.\u00a0<span style=\"font-style: inherit; font-weight: inherit; background-color: var( --e-global-color-astglobalcolor4 );\">Ich bin in Zug ans\u00e4ssig, das mitten in der Schweiz liegt. Z\u00fcrich und Luzern kann ich innerhalb einer halben Stunde erreichen. Meine Preise beinhalten alle Fahrtkosten bis zu einem Radius von 50 km von meinem Standort, sodass Sie sich keine Gedanken \u00fcber Fahrtkosten machen m\u00fcssen!<\/span><\/p><h3>Wie ist der Preis f\u00fcr Eventfotografie?<\/h3><p><span style=\"font-style: inherit; font-weight: inherit; background-color: var( --e-global-color-astglobalcolor4 );\">Ich halte es f\u00fcr wichtig, dass meine Preisgestaltung strukturiert und leicht verst\u00e4ndlich ist. Ich habe unterschiedliche Tarife f\u00fcr Halbtags- und Ganztagsaufnahmen. Bez\u00fcglich der Pakete biete ich eine Basis-Retusche an, aber auch Premium-Pakete mit spezialisierter High-End-Retusche inklusive.\u00a0<\/span><a href=\"https:\/\/bissig.ch\/content\/de\/kontakt\/\">Bitte kontaktieren Sie mich f\u00fcr ein individuelles Angebot!<\/a><\/p><h3>Wie erhalte ich die finalen Bilder?<\/h3><p><span style=\"font-style: inherit; font-weight: inherit; background-color: var( --e-global-color-astglobalcolor4 );\">Sie  erhalten ganz einfach eine passwortgesch\u00fctzte Galerie mit bearbeiteten Fotos zur Nutzung. Sie k\u00f6nnen diese mit Kunden, G\u00e4sten oder Teilnehmern teilen. Hier ist eine\u00a0<\/span><a style=\"background-color: #f5f5f5;\" href=\"https:\/\/gallery.bissig.ch\/gallery\/polkadot-at-wef-2022\/ff297ca8-9571-41f9-bf62-32f21a0c32bc\">Beispielgalerie<\/a><span style=\"font-style: inherit; font-weight: inherit; background-color: var( --e-global-color-astglobalcolor4 );\">\u00a0die wir speziell f\u00fcr Sie zusammengestellt haben! Alle Fotos geh\u00f6ren Ihnen unbegrenzt.\u00a0<\/span><\/p><h3>Wer wird mein Event fotografieren?<\/h3><p><span style=\"font-style: inherit; font-weight: inherit; background-color: var( --e-global-color-astglobalcolor4 );\">Die Kamera ist mein Leben. Seit 2019 bin ich Canon European Ambassador und habe mit internationalen Unternehmen im In- und Ausland zusammengearbeitet. Normalerweise findet man mich im Freien, aber ich arbeite auch gerne im Studio.<\/span>\u00a0Hier finden Sie mehr\u00a0<a href=\"https:\/\/bissig.ch\/content\/de\/about-me\/\" target=\"_blank\" rel=\"noopener\">\u00fcber mich<\/a><a href=\"https:\/\/bissig.ch\/content\/de\/work\/\">, my work and my clients<\/a> indem Sie <a href=\"http:\/\/www.bissig.org\" target=\"_blank\" rel=\"noopener\">Webseite<\/a>.\u00a0<\/p><p><span style=\"font-style: inherit; font-weight: inherit; background-color: var( --e-global-color-astglobalcolor4 );\">Hier finden Sie\u00a0<\/span><a style=\"font-style: inherit; font-weight: inherit; background-color: #f5f5f5;\" href=\"https:\/\/bissig.ch\/content\/de\/eventfotografie-bildergalerie\/\">eine Bildgalerie<\/a>\u00a0<span style=\"font-style: inherit; font-weight: inherit; background-color: var( --e-global-color-astglobalcolor4 );\">von einigen meiner fr\u00fcheren Arbeiten. Aus Gr\u00fcnden des Datenschutzes kann ich sie nicht alle weitergeben, aber wenn Sie weitere Beispiele w\u00fcnschen, z\u00f6gern Sie bitte nicht, mich zu kontaktieren.<\/span><\/p>\t\t\t\t\t\t\t\t<\/div>\n\t\t\t\t<\/div>\n\t\t\t\t\t<\/div>\n\t\t<\/div>\n\t\t\t\t\t<\/div>\n\t\t<\/section>\n\t\t\t\t<section class=\"elementor-section elementor-top-section elementor-element elementor-element-24ce85b elementor-section-boxed elementor-section-height-default elementor-section-height-default\" data-id=\"24ce85b\" data-element_type=\"section\" data-e-type=\"section\" data-settings=\"{&quot;background_background&quot;:&quot;classic&quot;}\">\n\t\t\t\t\t\t<div class=\"elementor-container elementor-column-gap-default\">\n\t\t\t\t\t<div class=\"elementor-column elementor-col-50 elementor-top-column elementor-element elementor-element-93f5027\" data-id=\"93f5027\" data-element_type=\"column\" data-e-type=\"column\">\n\t\t\t<div class=\"elementor-widget-wrap elementor-element-populated\">\n\t\t\t\t\t\t<div class=\"elementor-element elementor-element-1bd52d1 elementor-widget elementor-widget-image\" data-id=\"1bd52d1\" data-element_type=\"widget\" data-e-type=\"widget\" data-widget_type=\"image.default\">\n\t\t\t\t<div class=\"elementor-widget-container\">\n\t\t\t\t\t\t\t\t\t\t\t\t\t\t\t<img fetchpriority=\"high\" decoding=\"async\" width=\"1024\" height=\"682\" src=\"https:\/\/bissig.ch\/content\/wp-content\/uploads\/2022\/05\/midres-kpmg-at-zff-0042-1024x682.jpg\" class=\"attachment-large size-large wp-image-2123\" alt=\"Eventfotograf Schweiz\" srcset=\"https:\/\/bissig.ch\/content\/wp-content\/uploads\/2022\/05\/midres-kpmg-at-zff-0042-1024x682.jpg 1024w, https:\/\/bissig.ch\/content\/wp-content\/uploads\/2022\/05\/midres-kpmg-at-zff-0042-300x200.jpg 300w, https:\/\/bissig.ch\/content\/wp-content\/uploads\/2022\/05\/midres-kpmg-at-zff-0042-768x512.jpg 768w, https:\/\/bissig.ch\/content\/wp-content\/uploads\/2022\/05\/midres-kpmg-at-zff-0042-1536x1023.jpg 1536w, https:\/\/bissig.ch\/content\/wp-content\/uploads\/2022\/05\/midres-kpmg-at-zff-0042-2048x1365.jpg 2048w\" sizes=\"(max-width: 1024px) 100vw, 1024px\" \/>\t\t\t\t\t\t\t\t\t\t\t\t\t\t\t<\/div>\n\t\t\t\t<\/div>\n\t\t\t\t\t<\/div>\n\t\t<\/div>\n\t\t\t\t<div class=\"elementor-column elementor-col-50 elementor-top-column elementor-element elementor-element-02fda16\" data-id=\"02fda16\" data-element_type=\"column\" data-e-type=\"column\">\n\t\t\t<div class=\"elementor-widget-wrap elementor-element-populated\">\n\t\t\t\t\t\t<div class=\"elementor-element elementor-element-faea2cc elementor-widget elementor-widget-wp-widget-nav_menu\" data-id=\"faea2cc\" data-element_type=\"widget\" data-e-type=\"widget\" data-widget_type=\"wp-widget-nav_menu.default\">\n\t\t\t\t<div class=\"elementor-widget-container\">\n\t\t\t\t\t<h5>Weitere Dienstleistungen<\/h5><nav class=\"menu-dienstleistungen-container\" aria-label=\"Weitere Dienstleistungen\"><ul id=\"menu-dienstleistungen\" class=\"menu\"><li id=\"menu-item-2062\" class=\"menu-item menu-item-type-post_type menu-item-object-page menu-item-2062\"><a href=\"https:\/\/bissig.ch\/content\/de\/event-photography-switzerland\/\" class=\"menu-link\">Eventfotografie Schweiz<\/a><\/li>\n<li id=\"menu-item-2063\" class=\"menu-item menu-item-type-post_type menu-item-object-page menu-item-2063\"><a href=\"https:\/\/bissig.ch\/content\/de\/event-photographer-switzerland\/\" class=\"menu-link\">Eventfotograf Schweiz<\/a><\/li>\n<li id=\"menu-item-2255\" class=\"menu-item menu-item-type-post_type menu-item-object-page menu-item-2255\"><a href=\"https:\/\/bissig.ch\/content\/de\/event-photography-zuerich-by-martin-bissig-professional-photographer\/\" class=\"menu-link\">Eventfotografie Z\u00fcrich<\/a><\/li>\n<li id=\"menu-item-2264\" class=\"menu-item menu-item-type-post_type menu-item-object-page menu-item-2264\"><a href=\"https:\/\/bissig.ch\/content\/de\/event-photographer-zuerich\/\" class=\"menu-link\">Eventfotograf Z\u00fcrich<\/a><\/li>\n<li id=\"menu-item-2289\" class=\"menu-item menu-item-type-post_type menu-item-object-page menu-item-2289\"><a href=\"https:\/\/bissig.ch\/content\/de\/event-photographer-lucerne-lucerne\/\" class=\"menu-link\">Eventfotograf Luzern<\/a><\/li>\n<li id=\"menu-item-2299\" class=\"menu-item menu-item-type-post_type menu-item-object-page menu-item-2299\"><a href=\"https:\/\/bissig.ch\/content\/de\/wef-davos-photographer-videographer\/\" class=\"menu-link\">World Economic Forum WEF Davos Fotograf \/ Videograf<\/a><\/li>\n<li id=\"menu-item-2336\" class=\"menu-item menu-item-type-post_type menu-item-object-page menu-item-2336\"><a href=\"https:\/\/bissig.ch\/content\/de\/world-economic-forum-wef-davos-photography-videography\/\" class=\"menu-link\">World Economic Forum WEF Davos Fotografie \/ Videografie<\/a><\/li>\n<\/ul><\/nav>\t\t\t\t<\/div>\n\t\t\t\t<\/div>\n\t\t\t\t\t<\/div>\n\t\t<\/div>\n\t\t\t\t\t<\/div>\n\t\t<\/section>\n\t\t\t\t<section class=\"elementor-section elementor-top-section elementor-element elementor-element-094b0ab elementor-section-content-middle elementor-section-boxed elementor-section-height-default elementor-section-height-default\" data-id=\"094b0ab\" data-element_type=\"section\" data-e-type=\"section\" data-settings=\"{&quot;background_background&quot;:&quot;classic&quot;}\">\n\t\t\t\t\t\t<div class=\"elementor-container elementor-column-gap-default\">\n\t\t\t\t\t<div class=\"elementor-column elementor-col-66 elementor-top-column elementor-element elementor-element-024a6ac\" data-id=\"024a6ac\" data-element_type=\"column\" data-e-type=\"column\">\n\t\t\t<div class=\"elementor-widget-wrap elementor-element-populated\">\n\t\t\t\t\t\t<div class=\"elementor-element elementor-element-21149c5 elementor-widget elementor-widget-heading\" data-id=\"21149c5\" data-element_type=\"widget\" data-e-type=\"widget\" data-settings=\"{&quot;_animation&quot;:&quot;none&quot;}\" data-widget_type=\"heading.default\">\n\t\t\t\t<div class=\"elementor-widget-container\">\n\t\t\t\t\t<h2 class=\"elementor-heading-title elementor-size-default\">Jetzt Angebot anfragen!<\/h2>\t\t\t\t<\/div>\n\t\t\t\t<\/div>\n\t\t\t\t\t<\/div>\n\t\t<\/div>\n\t\t\t\t<div class=\"elementor-column elementor-col-33 elementor-top-column elementor-element elementor-element-0d605e5\" data-id=\"0d605e5\" data-element_type=\"column\" data-e-type=\"column\">\n\t\t\t<div class=\"elementor-widget-wrap elementor-element-populated\">\n\t\t\t\t\t\t<div class=\"elementor-element elementor-element-9c7a536 elementor-align-center elementor-tablet-align-center elementor-mobile-align-center elementor-widget elementor-widget-button\" data-id=\"9c7a536\" data-element_type=\"widget\" data-e-type=\"widget\" data-widget_type=\"button.default\">\n\t\t\t\t<div class=\"elementor-widget-container\">\n\t\t\t\t\t\t\t\t\t<div class=\"elementor-button-wrapper\">\n\t\t\t\t\t<a class=\"elementor-button elementor-button-link elementor-size-sm elementor-animation-float\" href=\"https:\/\/bissig.ch\/content\/de\/kontakt\/\" target=\"_blank\">\n\t\t\t\t\t\t<span class=\"elementor-button-content-wrapper\">\n\t\t\t\t\t\t\t\t\t<span class=\"elementor-button-text\">Jetzt Angebot anfragen<\/span>\n\t\t\t\t\t<\/span>\n\t\t\t\t\t<\/a>\n\t\t\t\t<\/div>\n\t\t\t\t\t\t\t\t<\/div>\n\t\t\t\t<\/div>\n\t\t\t\t\t<\/div>\n\t\t<\/div>\n\t\t\t\t\t<\/div>\n\t\t<\/section>\n\t\t\t\t<section class=\"elementor-section elementor-top-section elementor-element elementor-element-a993874 elementor-section-boxed elementor-section-height-default elementor-section-height-default\" data-id=\"a993874\" data-element_type=\"section\" data-e-type=\"section\" data-settings=\"{&quot;background_background&quot;:&quot;classic&quot;}\">\n\t\t\t\t\t\t<div class=\"elementor-container elementor-column-gap-no\">\n\t\t\t\t\t<div class=\"elementor-column elementor-col-100 elementor-top-column elementor-element elementor-element-eab9c84\" data-id=\"eab9c84\" data-element_type=\"column\" data-e-type=\"column\">\n\t\t\t<div class=\"elementor-widget-wrap elementor-element-populated\">\n\t\t\t\t\t\t<div class=\"elementor-element elementor-element-ba2411f elementor-widget elementor-widget-text-editor\" data-id=\"ba2411f\" data-element_type=\"widget\" data-e-type=\"widget\" data-widget_type=\"text-editor.default\">\n\t\t\t\t<div class=\"elementor-widget-container\">\n\t\t\t\t\t\t\t\t\t<h4 dir=\"auto\" data-pm-slice=\"1 1 []\">Beeindrucken Sie mit professioneller Fotografie<\/h4><p dir=\"auto\">Der professionelle Fotograf Martin Bissig wird Ihr Firmenevent, Reden usw. einfangen. Martin ist ein hochqualifizierter Fotograf mit \u00fcber 10 Jahren Erfahrung in der Eventfotografie. Der Fotograf kommt aus der Schweiz und hat beim Weltwirtschaftsforum WEF in Davos gearbeitet. Er verf\u00fcgt \u00fcber jahrelange Erfahrung in der Fotografie f\u00fcr internationale Kunden auf der ganzen Welt.<\/p>\t\t\t\t\t\t\t\t<\/div>\n\t\t\t\t<\/div>\n\t\t\t\t\t<\/div>\n\t\t<\/div>\n\t\t\t\t\t<\/div>\n\t\t<\/section>\n\t\t\t\t<\/div>","protected":false},"excerpt":{"rendered":"<p>Event Photography Switzerland Book me for your event photography in Switzerland I&#8217;m one of the few event photographers in Switzerland that have an extensive industry and commercial experience. Since 2004, I&#8217;ve been working for Google, HP, KPMG and many more.\u00a0I am located in Zug which is smack in the center of Switzerland. I can reach [&hellip;]<\/p>\n","protected":false},"author":1,"featured_media":0,"parent":0,"menu_order":0,"comment_status":"closed","ping_status":"closed","template":"","meta":{"site-sidebar-layout":"no-sidebar","site-content-layout":"page-builder","ast-site-content-layout":"default","site-content-style":"default","site-sidebar-style":"default","ast-global-header-display":"","ast-banner-title-visibility":"","ast-main-header-display":"","ast-hfb-above-header-display":"","ast-hfb-below-header-display":"","ast-hfb-mobile-header-display":"","site-post-title":"disabled","ast-breadcrumbs-content":"","ast-featured-img":"disabled","footer-sml-layout":"","ast-disable-related-posts":"","theme-transparent-header-meta":"","adv-header-id-meta":"","stick-header-meta":"","header-above-stick-meta":"","header-main-stick-meta":"","header-below-stick-meta":"","astra-migrate-meta-layouts":"default","ast-page-background-enabled":"default","ast-page-background-meta":{"desktop":{"background-color":"","background-image":"","background-repeat":"repeat","background-position":"center center","background-size":"auto","background-attachment":"scroll","background-type":"","background-media":"","overlay-type":"","overlay-color":"","overlay-opacity":"","overlay-gradient":""},"tablet":{"background-color":"","background-image":"","background-repeat":"repeat","background-position":"center center","background-size":"auto","background-attachment":"scroll","background-type":"","background-media":"","overlay-type":"","overlay-color":"","overlay-opacity":"","overlay-gradient":""},"mobile":{"background-color":"","background-image":"","background-repeat":"repeat","background-position":"center center","background-size":"auto","background-attachment":"scroll","background-type":"","background-media":"","overlay-type":"","overlay-color":"","overlay-opacity":"","overlay-gradient":""}},"ast-content-background-meta":{"desktop":{"background-color":"var(--ast-global-color-5)","background-image":"","background-repeat":"repeat","background-position":"center center","background-size":"auto","background-attachment":"scroll","background-type":"","background-media":"","overlay-type":"","overlay-color":"","overlay-opacity":"","overlay-gradient":""},"tablet":{"background-color":"var(--ast-global-color-5)","background-image":"","background-repeat":"repeat","background-position":"center center","background-size":"auto","background-attachment":"scroll","background-type":"","background-media":"","overlay-type":"","overlay-color":"","overlay-opacity":"","overlay-gradient":""},"mobile":{"background-color":"var(--ast-global-color-5)","background-image":"","background-repeat":"repeat","background-position":"center center","background-size":"auto","background-attachment":"scroll","background-type":"","background-media":"","overlay-type":"","overlay-color":"","overlay-opacity":"","overlay-gradient":""}},"footnotes":""},"class_list":["post-2015","page","type-page","status-publish","hentry"],"yoast_head":"<!-- This site is optimized with the Yoast SEO plugin v27.5 - https:\/\/yoast.com\/product\/yoast-seo-wordpress\/ -->\n<title>Event Photography Switzerland by Martin Bissig, Professional Photographer<\/title>\n<meta name=\"description\" content=\"Event Photography Switzerland: Martin Bissig is a professional photographer in Switzerland and your perfect partner as event photographer\" \/>\n<meta name=\"robots\" content=\"index, follow, max-snippet:-1, max-image-preview:large, max-video-preview:-1\" \/>\n<link rel=\"canonical\" href=\"https:\/\/bissig.ch\/content\/de\/eventfotografie-schweiz\/\" \/>\n<meta property=\"og:locale\" content=\"de_DE\" \/>\n<meta property=\"og:type\" content=\"article\" \/>\n<meta property=\"og:title\" content=\"Event Photography Switzerland by Martin Bissig, Professional Photographer\" \/>\n<meta property=\"og:description\" content=\"Event Photography Switzerland: Martin Bissig is a professional photographer in Switzerland and your perfect partner as event photographer\" \/>\n<meta property=\"og:url\" content=\"https:\/\/bissig.ch\/content\/de\/eventfotografie-schweiz\/\" \/>\n<meta property=\"og:site_name\" content=\"Martin Bissig - Photographer\" \/>\n<meta property=\"article:modified_time\" content=\"2024-01-06T12:13:16+00:00\" \/>\n<meta property=\"og:image\" content=\"https:\/\/bissig.ch\/content\/wp-content\/uploads\/2022\/05\/midres-kpmg-at-zff-0042-1024x682.jpg\" \/>\n<meta name=\"twitter:card\" content=\"summary_large_image\" \/>\n<meta name=\"twitter:label1\" content=\"Gesch\u00e4tzte Lesezeit\" \/>\n\t<meta name=\"twitter:data1\" content=\"2\u00a0Minuten\" \/>\n<script type=\"application\/ld+json\" class=\"yoast-schema-graph\">{\"@context\":\"https:\\\/\\\/schema.org\",\"@graph\":[{\"@type\":\"WebPage\",\"@id\":\"https:\\\/\\\/bissig.ch\\\/content\\\/event-photography-switzerland\\\/\",\"url\":\"https:\\\/\\\/bissig.ch\\\/content\\\/event-photography-switzerland\\\/\",\"name\":\"Event Photography Switzerland by Martin Bissig, Professional Photographer\",\"isPartOf\":{\"@id\":\"https:\\\/\\\/bissig.ch\\\/content\\\/#website\"},\"primaryImageOfPage\":{\"@id\":\"https:\\\/\\\/bissig.ch\\\/content\\\/event-photography-switzerland\\\/#primaryimage\"},\"image\":{\"@id\":\"https:\\\/\\\/bissig.ch\\\/content\\\/event-photography-switzerland\\\/#primaryimage\"},\"thumbnailUrl\":\"https:\\\/\\\/bissig.ch\\\/content\\\/wp-content\\\/uploads\\\/2022\\\/05\\\/midres-kpmg-at-zff-0042-1024x682.jpg\",\"datePublished\":\"2022-05-30T11:26:55+00:00\",\"dateModified\":\"2024-01-06T12:13:16+00:00\",\"description\":\"Event Photography Switzerland: Martin Bissig is a professional photographer in Switzerland and your perfect partner as event photographer\",\"breadcrumb\":{\"@id\":\"https:\\\/\\\/bissig.ch\\\/content\\\/event-photography-switzerland\\\/#breadcrumb\"},\"inLanguage\":\"de\",\"potentialAction\":[{\"@type\":\"ReadAction\",\"target\":[\"https:\\\/\\\/bissig.ch\\\/content\\\/event-photography-switzerland\\\/\"]}]},{\"@type\":\"ImageObject\",\"inLanguage\":\"de\",\"@id\":\"https:\\\/\\\/bissig.ch\\\/content\\\/event-photography-switzerland\\\/#primaryimage\",\"url\":\"https:\\\/\\\/bissig.ch\\\/content\\\/wp-content\\\/uploads\\\/2022\\\/05\\\/midres-kpmg-at-zff-0042-1024x682.jpg\",\"contentUrl\":\"https:\\\/\\\/bissig.ch\\\/content\\\/wp-content\\\/uploads\\\/2022\\\/05\\\/midres-kpmg-at-zff-0042-1024x682.jpg\"},{\"@type\":\"BreadcrumbList\",\"@id\":\"https:\\\/\\\/bissig.ch\\\/content\\\/event-photography-switzerland\\\/#breadcrumb\",\"itemListElement\":[{\"@type\":\"ListItem\",\"position\":1,\"name\":\"Startseite\",\"item\":\"https:\\\/\\\/bissig.ch\\\/content\\\/\"},{\"@type\":\"ListItem\",\"position\":2,\"name\":\"Event Photography Switzerland by Martin Bissig, Professional Photographer\"}]},{\"@type\":\"WebSite\",\"@id\":\"https:\\\/\\\/bissig.ch\\\/content\\\/#website\",\"url\":\"https:\\\/\\\/bissig.ch\\\/content\\\/\",\"name\":\"Martin Bissig - Event Photographer\",\"description\":\"Martin Bissig is your event photographer for event photography in Switzerland\",\"publisher\":{\"@id\":\"https:\\\/\\\/bissig.ch\\\/content\\\/#organization\"},\"potentialAction\":[{\"@type\":\"SearchAction\",\"target\":{\"@type\":\"EntryPoint\",\"urlTemplate\":\"https:\\\/\\\/bissig.ch\\\/content\\\/?s={search_term_string}\"},\"query-input\":{\"@type\":\"PropertyValueSpecification\",\"valueRequired\":true,\"valueName\":\"search_term_string\"}}],\"inLanguage\":\"de\"},{\"@type\":\"Organization\",\"@id\":\"https:\\\/\\\/bissig.ch\\\/content\\\/#organization\",\"name\":\"Martin Bissig - Event Photographer\",\"url\":\"https:\\\/\\\/bissig.ch\\\/content\\\/\",\"logo\":{\"@type\":\"ImageObject\",\"inLanguage\":\"de\",\"@id\":\"https:\\\/\\\/bissig.ch\\\/content\\\/#\\\/schema\\\/logo\\\/image\\\/\",\"url\":\"https:\\\/\\\/bissig.ch\\\/content\\\/wp-content\\\/uploads\\\/2022\\\/05\\\/even-photographer-logo-min.png\",\"contentUrl\":\"https:\\\/\\\/bissig.ch\\\/content\\\/wp-content\\\/uploads\\\/2022\\\/05\\\/even-photographer-logo-min.png\",\"width\":660,\"height\":154,\"caption\":\"Martin Bissig - Event Photographer\"},\"image\":{\"@id\":\"https:\\\/\\\/bissig.ch\\\/content\\\/#\\\/schema\\\/logo\\\/image\\\/\"}}]}<\/script>\n<!-- \/ Yoast SEO plugin. -->","yoast_head_json":{"title":"Eventfotografie Schweiz von Martin Bissig, Professioneller Fotograf","description":"Eventfotografie Schweiz: Martin Bissig ist ein professioneller Fotograf in der Schweiz und Ihr perfekter Partner als Eventfotograf.","robots":{"index":"index","follow":"follow","max-snippet":"max-snippet:-1","max-image-preview":"max-image-preview:large","max-video-preview":"max-video-preview:-1"},"canonical":"https:\/\/bissig.ch\/content\/de\/eventfotografie-schweiz\/","og_locale":"de_DE","og_type":"article","og_title":"Event Photography Switzerland by Martin Bissig, Professional Photographer","og_description":"Event Photography Switzerland: Martin Bissig is a professional photographer in Switzerland and your perfect partner as event photographer","og_url":"https:\/\/bissig.ch\/content\/de\/eventfotografie-schweiz\/","og_site_name":"Martin Bissig - Photographer","article_modified_time":"2024-01-06T12:13:16+00:00","og_image":[{"url":"https:\/\/bissig.ch\/content\/wp-content\/uploads\/2022\/05\/midres-kpmg-at-zff-0042-1024x682.jpg","type":"","width":"","height":""}],"twitter_card":"summary_large_image","twitter_misc":{"Gesch\u00e4tzte Lesezeit":"2\u00a0Minuten"},"schema":{"@context":"https:\/\/schema.org","@graph":[{"@type":"WebPage","@id":"https:\/\/bissig.ch\/content\/event-photography-switzerland\/","url":"https:\/\/bissig.ch\/content\/event-photography-switzerland\/","name":"Eventfotografie Schweiz von Martin Bissig, Professioneller Fotograf","isPartOf":{"@id":"https:\/\/bissig.ch\/content\/#website"},"primaryImageOfPage":{"@id":"https:\/\/bissig.ch\/content\/event-photography-switzerland\/#primaryimage"},"image":{"@id":"https:\/\/bissig.ch\/content\/event-photography-switzerland\/#primaryimage"},"thumbnailUrl":"https:\/\/bissig.ch\/content\/wp-content\/uploads\/2022\/05\/midres-kpmg-at-zff-0042-1024x682.jpg","datePublished":"2022-05-30T11:26:55+00:00","dateModified":"2024-01-06T12:13:16+00:00","description":"Eventfotografie Schweiz: Martin Bissig ist ein professioneller Fotograf in der Schweiz und Ihr perfekter Partner als Eventfotograf.","breadcrumb":{"@id":"https:\/\/bissig.ch\/content\/event-photography-switzerland\/#breadcrumb"},"inLanguage":"de","potentialAction":[{"@type":"ReadAction","target":["https:\/\/bissig.ch\/content\/event-photography-switzerland\/"]}]},{"@type":"ImageObject","inLanguage":"de","@id":"https:\/\/bissig.ch\/content\/event-photography-switzerland\/#primaryimage","url":"https:\/\/bissig.ch\/content\/wp-content\/uploads\/2022\/05\/midres-kpmg-at-zff-0042-1024x682.jpg","contentUrl":"https:\/\/bissig.ch\/content\/wp-content\/uploads\/2022\/05\/midres-kpmg-at-zff-0042-1024x682.jpg"},{"@type":"BreadcrumbList","@id":"https:\/\/bissig.ch\/content\/event-photography-switzerland\/#breadcrumb","itemListElement":[{"@type":"ListItem","position":1,"name":"Startseite","item":"https:\/\/bissig.ch\/content\/"},{"@type":"ListItem","position":2,"name":"Event Photography Switzerland by Martin Bissig, Professional Photographer"}]},{"@type":"WebSite","@id":"https:\/\/bissig.ch\/content\/#website","url":"https:\/\/bissig.ch\/content\/","name":"Martin Bissig - Veranstaltungsfotograf","description":"Martin Bissig ist Ihr Eventfotograf f\u00fcr Eventfotografie in der Schweiz","publisher":{"@id":"https:\/\/bissig.ch\/content\/#organization"},"potentialAction":[{"@type":"SearchAction","target":{"@type":"EntryPoint","urlTemplate":"https:\/\/bissig.ch\/content\/?s={search_term_string}"},"query-input":{"@type":"PropertyValueSpecification","valueRequired":true,"valueName":"search_term_string"}}],"inLanguage":"de"},{"@type":"Organization","@id":"https:\/\/bissig.ch\/content\/#organization","name":"Martin Bissig - Veranstaltungsfotograf","url":"https:\/\/bissig.ch\/content\/","logo":{"@type":"ImageObject","inLanguage":"de","@id":"https:\/\/bissig.ch\/content\/#\/schema\/logo\/image\/","url":"https:\/\/bissig.ch\/content\/wp-content\/uploads\/2022\/05\/even-photographer-logo-min.png","contentUrl":"https:\/\/bissig.ch\/content\/wp-content\/uploads\/2022\/05\/even-photographer-logo-min.png","width":660,"height":154,"caption":"Martin Bissig - Event Photographer"},"image":{"@id":"https:\/\/bissig.ch\/content\/#\/schema\/logo\/image\/"}}]}},"_links":{"self":[{"href":"https:\/\/bissig.ch\/content\/de\/wp-json\/wp\/v2\/pages\/2015","targetHints":{"allow":["GET"]}}],"collection":[{"href":"https:\/\/bissig.ch\/content\/de\/wp-json\/wp\/v2\/pages"}],"about":[{"href":"https:\/\/bissig.ch\/content\/de\/wp-json\/wp\/v2\/types\/page"}],"author":[{"embeddable":true,"href":"https:\/\/bissig.ch\/content\/de\/wp-json\/wp\/v2\/users\/1"}],"replies":[{"embeddable":true,"href":"https:\/\/bissig.ch\/content\/de\/wp-json\/wp\/v2\/comments?post=2015"}],"version-history":[{"count":16,"href":"https:\/\/bissig.ch\/content\/de\/wp-json\/wp\/v2\/pages\/2015\/revisions"}],"predecessor-version":[{"id":2384,"href":"https:\/\/bissig.ch\/content\/de\/wp-json\/wp\/v2\/pages\/2015\/revisions\/2384"}],"wp:attachment":[{"href":"https:\/\/bissig.ch\/content\/de\/wp-json\/wp\/v2\/media?parent=2015"}],"curies":[{"name":"wp","href":"https:\/\/api.w.org\/{rel}","templated":true}]}}