{"id":1626,"date":"2021-12-15T14:52:45","date_gmt":"2021-12-15T14:52:45","guid":{"rendered":"https:\/\/www.stoer-profi.ch\/?page_id=1626"},"modified":"2022-05-31T06:54:20","modified_gmt":"2022-05-31T06:54:20","slug":"event-photographer-switzerland","status":"publish","type":"page","link":"https:\/\/bissig.ch\/content\/de\/event-photographer-switzerland\/","title":{"rendered":"Event-Fotograf Schweiz von Profi-Fotograf Martin Bissig"},"content":{"rendered":"<div data-elementor-type=\"wp-post\" data-elementor-id=\"1626\" class=\"elementor elementor-1626\" data-elementor-post-type=\"page\">\n\t\t\t\t\t\t<section class=\"elementor-section elementor-top-section elementor-element elementor-element-629daeb elementor-section-boxed elementor-section-height-default elementor-section-height-default\" data-id=\"629daeb\" data-element_type=\"section\" data-e-type=\"section\" data-settings=\"{&quot;background_background&quot;:&quot;classic&quot;}\">\n\t\t\t\t\t\t<div class=\"elementor-container elementor-column-gap-default\">\n\t\t\t\t\t<div class=\"elementor-column elementor-col-100 elementor-top-column elementor-element elementor-element-35e339a\" data-id=\"35e339a\" data-element_type=\"column\" data-e-type=\"column\">\n\t\t\t<div class=\"elementor-widget-wrap elementor-element-populated\">\n\t\t\t\t\t\t<div class=\"elementor-element elementor-element-e75c1b6 elementor-widget elementor-widget-heading\" data-id=\"e75c1b6\" data-element_type=\"widget\" data-e-type=\"widget\" data-widget_type=\"heading.default\">\n\t\t\t\t<div class=\"elementor-widget-container\">\n\t\t\t\t\t<h1 class=\"elementor-heading-title elementor-size-default\">Eventfotograf Schweiz<\/h1>\t\t\t\t<\/div>\n\t\t\t\t<\/div>\n\t\t\t\t\t<\/div>\n\t\t<\/div>\n\t\t\t\t\t<\/div>\n\t\t<\/section>\n\t\t\t\t<section class=\"elementor-section elementor-top-section elementor-element elementor-element-d1818ca elementor-section-boxed elementor-section-height-default elementor-section-height-default\" data-id=\"d1818ca\" data-element_type=\"section\" data-e-type=\"section\" data-settings=\"{&quot;background_background&quot;:&quot;classic&quot;}\">\n\t\t\t\t\t\t<div class=\"elementor-container elementor-column-gap-no\">\n\t\t\t\t\t<div class=\"elementor-column elementor-col-100 elementor-top-column elementor-element elementor-element-ebc122d\" data-id=\"ebc122d\" data-element_type=\"column\" data-e-type=\"column\">\n\t\t\t<div class=\"elementor-widget-wrap elementor-element-populated\">\n\t\t\t\t\t\t<div class=\"elementor-element elementor-element-99be015 elementor-widget elementor-widget-text-editor\" data-id=\"99be015\" data-element_type=\"widget\" data-e-type=\"widget\" data-widget_type=\"text-editor.default\">\n\t\t\t\t<div class=\"elementor-widget-container\">\n\t\t\t\t\t\t\t\t\t<h2>Warum sollten Sie mich als Ihren Eventfotografen in der Schweiz buchen?<\/h2>\n<p>Es gibt viele Eventfotografen in der Schweiz, aber nur wenige mit der Erfahrung, die ich habe. Ich bin seit mehr als einem Jahrzehnt im Bereich der Eventfotografie t\u00e4tig und arbeite f\u00fcr Kunden wie <a href=\"http:\/\/google.com\">Google<\/a>, HP, <a href=\"http:\/\/kpmg.com\">KPMG<\/a>, <a href=\"http:\/\/microsoft.com\">Microsoft<\/a>, Polkadot, <a href=\"http:\/\/cnn.com\">CNN<\/a> und viele mehr.&nbsp;<\/p>\n<p>Ich bin zentral in Zug gelegen, das in der Mitte der Schweiz liegt. Ich kann Z\u00fcrich und Luzern innerhalb einer halben Stunde erreichen. Die Fahrkosten in einem Umkreis von 50km sind in meinem Festpreis enthalten.<\/p>\n<h3>Wie ist der Preis f\u00fcr Eventfotografie?<\/h3>\n<p>Ich bin kein Fan von versteckten Kosten. Deshalb ist meine Preisgestaltung sehr klar und strukturiert. Ich habe einen Halbtagestarif, der Veranstaltungen von 1 bis 4 Stunden abdeckt, und einen Ganztagestarif, der l\u00e4ngere Veranstaltungen bis zu 8 Stunden abdeckt. Die Fotoretusche und eine Auswahl der besten Fotos sind im Festpreis enthalten. <a href=\"https:\/\/bissig.ch\/content\/de\/kontakt\/\">Bitte kontaktieren Sie mich f\u00fcr ein individuelles Angebot!<\/a><\/p>\n<h3>Wie erhalte ich die finalen Bilder?<\/h3>\n<p>Sie erhalten die fertig retuschierten Fotos in einer sch\u00f6nen (und bei Bedarf passwortgesch\u00fctzten) Galerie, die Sie mit Kunden, G\u00e4sten oder Teilnehmern teilen und herunterladen k\u00f6nnen. Hier sehen Sie eine <a href=\"https:\/\/gallery.bissig.ch\/gallery\/polkadot-at-wef-2022\/ff297ca8-9571-41f9-bf62-32f21a0c32bc\">Beispielgalerie<\/a>. Alle Fotos k\u00f6nnen Sie nach der Veranstaltung behalten. Es fallen keine zus\u00e4tzlichen Geb\u00fchren an, und Sie k\u00f6nnen die Fotos unbegrenzt f\u00fcr Ihre eigenen Zwecke verwenden.<\/p>\n<h3>Wer wird mein Event fotografieren?<\/h3>\n<p>Mein Name ist Martin Bissig. Ich bin ein professioneller Fotograf mit Sitz in der Schweiz. Ich bin Canon Europe Ambassador und habe mit vielen internationalen Kunden auf der ganzen Welt zusammengearbeitet. Ein Gro\u00dfteil meiner Arbeit findet im Freien statt, aber ich fotografiere auch gerne Indoor-Events. Sie k\u00f6nnen mehr erfahren <a href=\"https:\/\/bissig.ch\/content\/de\/about-me\/\">\u00fcber mich, meine Arbeit und meine Kunden<\/a> indem Sie <a href=\"https:\/\/bissig.ch\/content\/de\/\">Webseite<\/a>.&nbsp;<\/p><p><span style=\"font-style: inherit; font-weight: inherit; background-color: var( --e-global-color-astglobalcolor4 );\">Hier finden Sie einige <\/span><a href=\"https:\/\/bissig.ch\/content\/de\/eventfotografie-bildergalerie\/\" style=\"font-style: inherit; font-weight: inherit;\">Bildergalerien<\/a><span style=\"font-style: inherit; font-weight: inherit; background-color: var( --e-global-color-astglobalcolor4 );\"> meiner fr\u00fcheren Arbeit. Aus Gr\u00fcnden des Datenschutzes kann ich nicht alle Fotos ver\u00f6ffentlichen. Wenn Sie mehr Beispiele sehen m\u00f6chten, z\u00f6gern Sie bitte nicht, mit mir Kontakt aufzunehmen.<\/span><\/p>\t\t\t\t\t\t\t\t<\/div>\n\t\t\t\t<\/div>\n\t\t\t\t\t<\/div>\n\t\t<\/div>\n\t\t\t\t\t<\/div>\n\t\t<\/section>\n\t\t\t\t<section class=\"elementor-section elementor-top-section elementor-element elementor-element-24ce85b elementor-section-boxed elementor-section-height-default elementor-section-height-default\" data-id=\"24ce85b\" data-element_type=\"section\" data-e-type=\"section\" data-settings=\"{&quot;background_background&quot;:&quot;classic&quot;}\">\n\t\t\t\t\t\t<div class=\"elementor-container elementor-column-gap-default\">\n\t\t\t\t\t<div class=\"elementor-column elementor-col-50 elementor-top-column elementor-element elementor-element-93f5027\" data-id=\"93f5027\" data-element_type=\"column\" data-e-type=\"column\">\n\t\t\t<div class=\"elementor-widget-wrap elementor-element-populated\">\n\t\t\t\t\t\t<div class=\"elementor-element elementor-element-1bd52d1 elementor-widget elementor-widget-image\" data-id=\"1bd52d1\" data-element_type=\"widget\" data-e-type=\"widget\" data-widget_type=\"image.default\">\n\t\t\t\t<div class=\"elementor-widget-container\">\n\t\t\t\t\t\t\t\t\t\t\t\t\t\t\t<img fetchpriority=\"high\" decoding=\"async\" width=\"1024\" height=\"683\" src=\"https:\/\/bissig.ch\/content\/wp-content\/uploads\/2022\/05\/polkadot-wef2022-0480-1024x683.jpg\" class=\"attachment-large size-large wp-image-2025\" alt=\"Eventfotograf Schweiz\" srcset=\"https:\/\/bissig.ch\/content\/wp-content\/uploads\/2022\/05\/polkadot-wef2022-0480-1024x683.jpg 1024w, https:\/\/bissig.ch\/content\/wp-content\/uploads\/2022\/05\/polkadot-wef2022-0480-300x200.jpg 300w, https:\/\/bissig.ch\/content\/wp-content\/uploads\/2022\/05\/polkadot-wef2022-0480-768x512.jpg 768w, https:\/\/bissig.ch\/content\/wp-content\/uploads\/2022\/05\/polkadot-wef2022-0480-1536x1025.jpg 1536w, https:\/\/bissig.ch\/content\/wp-content\/uploads\/2022\/05\/polkadot-wef2022-0480-2048x1366.jpg 2048w\" sizes=\"(max-width: 1024px) 100vw, 1024px\" \/>\t\t\t\t\t\t\t\t\t\t\t\t\t\t\t<\/div>\n\t\t\t\t<\/div>\n\t\t\t\t\t<\/div>\n\t\t<\/div>\n\t\t\t\t<div class=\"elementor-column elementor-col-50 elementor-top-column elementor-element elementor-element-02fda16\" data-id=\"02fda16\" data-element_type=\"column\" data-e-type=\"column\">\n\t\t\t<div class=\"elementor-widget-wrap elementor-element-populated\">\n\t\t\t\t\t\t<div class=\"elementor-element elementor-element-faea2cc elementor-widget elementor-widget-wp-widget-nav_menu\" data-id=\"faea2cc\" data-element_type=\"widget\" data-e-type=\"widget\" data-widget_type=\"wp-widget-nav_menu.default\">\n\t\t\t\t<div class=\"elementor-widget-container\">\n\t\t\t\t\t<h5>Weitere Dienstleistungen<\/h5><nav class=\"menu-dienstleistungen-container\" aria-label=\"Weitere Dienstleistungen\"><ul id=\"menu-dienstleistungen\" class=\"menu\"><li id=\"menu-item-2062\" class=\"menu-item menu-item-type-post_type menu-item-object-page menu-item-2062\"><a href=\"https:\/\/bissig.ch\/content\/de\/event-photography-switzerland\/\" class=\"menu-link\">Eventfotografie Schweiz<\/a><\/li>\n<li id=\"menu-item-2063\" class=\"menu-item menu-item-type-post_type menu-item-object-page menu-item-2063\"><a href=\"https:\/\/bissig.ch\/content\/de\/event-photographer-switzerland\/\" class=\"menu-link\">Eventfotograf Schweiz<\/a><\/li>\n<li id=\"menu-item-2255\" class=\"menu-item menu-item-type-post_type menu-item-object-page menu-item-2255\"><a href=\"https:\/\/bissig.ch\/content\/de\/event-photography-zuerich-by-martin-bissig-professional-photographer\/\" class=\"menu-link\">Eventfotografie Z\u00fcrich<\/a><\/li>\n<li id=\"menu-item-2264\" class=\"menu-item menu-item-type-post_type menu-item-object-page menu-item-2264\"><a href=\"https:\/\/bissig.ch\/content\/de\/event-photographer-zuerich\/\" class=\"menu-link\">Eventfotograf Z\u00fcrich<\/a><\/li>\n<li id=\"menu-item-2289\" class=\"menu-item menu-item-type-post_type menu-item-object-page menu-item-2289\"><a href=\"https:\/\/bissig.ch\/content\/de\/event-photographer-lucerne-lucerne\/\" class=\"menu-link\">Eventfotograf Luzern<\/a><\/li>\n<li id=\"menu-item-2299\" class=\"menu-item menu-item-type-post_type menu-item-object-page menu-item-2299\"><a href=\"https:\/\/bissig.ch\/content\/de\/wef-davos-photographer-videographer\/\" class=\"menu-link\">World Economic Forum WEF Davos Fotograf \/ Videograf<\/a><\/li>\n<li id=\"menu-item-2336\" class=\"menu-item menu-item-type-post_type menu-item-object-page menu-item-2336\"><a href=\"https:\/\/bissig.ch\/content\/de\/world-economic-forum-wef-davos-photography-videography\/\" class=\"menu-link\">World Economic Forum WEF Davos Fotografie \/ Videografie<\/a><\/li>\n<\/ul><\/nav>\t\t\t\t<\/div>\n\t\t\t\t<\/div>\n\t\t\t\t\t<\/div>\n\t\t<\/div>\n\t\t\t\t\t<\/div>\n\t\t<\/section>\n\t\t\t\t<section class=\"elementor-section elementor-top-section elementor-element elementor-element-094b0ab elementor-section-content-middle elementor-section-boxed elementor-section-height-default elementor-section-height-default\" data-id=\"094b0ab\" data-element_type=\"section\" data-e-type=\"section\" data-settings=\"{&quot;background_background&quot;:&quot;classic&quot;}\">\n\t\t\t\t\t\t<div class=\"elementor-container elementor-column-gap-default\">\n\t\t\t\t\t<div class=\"elementor-column elementor-col-66 elementor-top-column elementor-element elementor-element-024a6ac\" data-id=\"024a6ac\" data-element_type=\"column\" data-e-type=\"column\">\n\t\t\t<div class=\"elementor-widget-wrap elementor-element-populated\">\n\t\t\t\t\t\t<div class=\"elementor-element elementor-element-21149c5 elementor-widget elementor-widget-heading\" data-id=\"21149c5\" data-element_type=\"widget\" data-e-type=\"widget\" data-settings=\"{&quot;_animation&quot;:&quot;none&quot;}\" data-widget_type=\"heading.default\">\n\t\t\t\t<div class=\"elementor-widget-container\">\n\t\t\t\t\t<h2 class=\"elementor-heading-title elementor-size-default\">Jetzt Angebot anfragen!<\/h2>\t\t\t\t<\/div>\n\t\t\t\t<\/div>\n\t\t\t\t\t<\/div>\n\t\t<\/div>\n\t\t\t\t<div class=\"elementor-column elementor-col-33 elementor-top-column elementor-element elementor-element-0d605e5\" data-id=\"0d605e5\" data-element_type=\"column\" data-e-type=\"column\">\n\t\t\t<div class=\"elementor-widget-wrap elementor-element-populated\">\n\t\t\t\t\t\t<div class=\"elementor-element elementor-element-9c7a536 elementor-align-center elementor-tablet-align-center elementor-mobile-align-center elementor-widget elementor-widget-button\" data-id=\"9c7a536\" data-element_type=\"widget\" data-e-type=\"widget\" data-widget_type=\"button.default\">\n\t\t\t\t<div class=\"elementor-widget-container\">\n\t\t\t\t\t\t\t\t\t<div class=\"elementor-button-wrapper\">\n\t\t\t\t\t<a class=\"elementor-button elementor-button-link elementor-size-sm elementor-animation-float\" href=\"https:\/\/bissig.ch\/content\/de\/kontakt\/\" target=\"_blank\">\n\t\t\t\t\t\t<span class=\"elementor-button-content-wrapper\">\n\t\t\t\t\t\t\t\t\t<span class=\"elementor-button-text\">Jetzt Angebot anfragen<\/span>\n\t\t\t\t\t<\/span>\n\t\t\t\t\t<\/a>\n\t\t\t\t<\/div>\n\t\t\t\t\t\t\t\t<\/div>\n\t\t\t\t<\/div>\n\t\t\t\t\t<\/div>\n\t\t<\/div>\n\t\t\t\t\t<\/div>\n\t\t<\/section>\n\t\t\t\t<section class=\"elementor-section elementor-top-section elementor-element elementor-element-a993874 elementor-section-boxed elementor-section-height-default elementor-section-height-default\" data-id=\"a993874\" data-element_type=\"section\" data-e-type=\"section\" data-settings=\"{&quot;background_background&quot;:&quot;classic&quot;}\">\n\t\t\t\t\t\t<div class=\"elementor-container elementor-column-gap-no\">\n\t\t\t\t\t<div class=\"elementor-column elementor-col-100 elementor-top-column elementor-element elementor-element-eab9c84\" data-id=\"eab9c84\" data-element_type=\"column\" data-e-type=\"column\">\n\t\t\t<div class=\"elementor-widget-wrap elementor-element-populated\">\n\t\t\t\t\t\t<div class=\"elementor-element elementor-element-ba2411f elementor-widget elementor-widget-text-editor\" data-id=\"ba2411f\" data-element_type=\"widget\" data-e-type=\"widget\" data-widget_type=\"text-editor.default\">\n\t\t\t\t<div class=\"elementor-widget-container\">\n\t\t\t\t\t\t\t\t\t<h4 dir=\"auto\" data-pm-slice=\"1 1 []\">Beeindrucken Sie mit professioneller Fotografie<\/h4><p dir=\"auto\">Der professionelle Fotograf Martin Bissig wird Ihr Firmenevent, Reden usw. einfangen. Martin ist ein hochqualifizierter Fotograf mit \u00fcber 10 Jahren Erfahrung in der Eventfotografie. Der Fotograf kommt aus der Schweiz und hat beim Weltwirtschaftsforum WEF in Davos gearbeitet. Er verf\u00fcgt \u00fcber jahrelange Erfahrung in der Fotografie f\u00fcr internationale Kunden auf der ganzen Welt.<\/p>\t\t\t\t\t\t\t\t<\/div>\n\t\t\t\t<\/div>\n\t\t\t\t\t<\/div>\n\t\t<\/div>\n\t\t\t\t\t<\/div>\n\t\t<\/section>\n\t\t\t\t<\/div>","protected":false},"excerpt":{"rendered":"<p>Event Photographer Switzerland Why book me as your event photographer in Switzerland? There are many event photographers in Switzerland, but only a few with an experience that I have. I have been working in the even photography business for more than a decade for clients like Google, HP, KPMG, Microsoft, Polkadot, CNN and many more.&nbsp; [&hellip;]<\/p>\n","protected":false},"author":1,"featured_media":0,"parent":0,"menu_order":0,"comment_status":"closed","ping_status":"closed","template":"","meta":{"site-sidebar-layout":"no-sidebar","site-content-layout":"page-builder","ast-site-content-layout":"default","site-content-style":"default","site-sidebar-style":"default","ast-global-header-display":"","ast-banner-title-visibility":"","ast-main-header-display":"","ast-hfb-above-header-display":"","ast-hfb-below-header-display":"","ast-hfb-mobile-header-display":"","site-post-title":"disabled","ast-breadcrumbs-content":"","ast-featured-img":"disabled","footer-sml-layout":"","ast-disable-related-posts":"","theme-transparent-header-meta":"","adv-header-id-meta":"","stick-header-meta":"","header-above-stick-meta":"","header-main-stick-meta":"","header-below-stick-meta":"","astra-migrate-meta-layouts":"default","ast-page-background-enabled":"default","ast-page-background-meta":{"desktop":{"background-color":"","background-image":"","background-repeat":"repeat","background-position":"center center","background-size":"auto","background-attachment":"scroll","background-type":"","background-media":"","overlay-type":"","overlay-color":"","overlay-opacity":"","overlay-gradient":""},"tablet":{"background-color":"","background-image":"","background-repeat":"repeat","background-position":"center center","background-size":"auto","background-attachment":"scroll","background-type":"","background-media":"","overlay-type":"","overlay-color":"","overlay-opacity":"","overlay-gradient":""},"mobile":{"background-color":"","background-image":"","background-repeat":"repeat","background-position":"center center","background-size":"auto","background-attachment":"scroll","background-type":"","background-media":"","overlay-type":"","overlay-color":"","overlay-opacity":"","overlay-gradient":""}},"ast-content-background-meta":{"desktop":{"background-color":"var(--ast-global-color-5)","background-image":"","background-repeat":"repeat","background-position":"center center","background-size":"auto","background-attachment":"scroll","background-type":"","background-media":"","overlay-type":"","overlay-color":"","overlay-opacity":"","overlay-gradient":""},"tablet":{"background-color":"var(--ast-global-color-5)","background-image":"","background-repeat":"repeat","background-position":"center center","background-size":"auto","background-attachment":"scroll","background-type":"","background-media":"","overlay-type":"","overlay-color":"","overlay-opacity":"","overlay-gradient":""},"mobile":{"background-color":"var(--ast-global-color-5)","background-image":"","background-repeat":"repeat","background-position":"center center","background-size":"auto","background-attachment":"scroll","background-type":"","background-media":"","overlay-type":"","overlay-color":"","overlay-opacity":"","overlay-gradient":""}},"footnotes":""},"class_list":["post-1626","page","type-page","status-publish","hentry"],"yoast_head":"<!-- This site is optimized with the Yoast SEO plugin v27.5 - https:\/\/yoast.com\/product\/yoast-seo-wordpress\/ -->\n<title>Event Photographer Switzerland by Professional Photographer Martin Bissig<\/title>\n<meta name=\"description\" content=\"Event Photographer Switzerland: Martin Bissig is a professional photographer in Switzerland and your perfect partner for event photography\" \/>\n<meta name=\"robots\" content=\"index, follow, max-snippet:-1, max-image-preview:large, max-video-preview:-1\" \/>\n<link rel=\"canonical\" href=\"https:\/\/bissig.ch\/content\/de\/eventfotograf-schweiz\/\" \/>\n<meta property=\"og:locale\" content=\"de_DE\" \/>\n<meta property=\"og:type\" content=\"article\" \/>\n<meta property=\"og:title\" content=\"Event Photographer Switzerland by Professional Photographer Martin Bissig\" \/>\n<meta property=\"og:description\" content=\"Event Photographer Switzerland: Martin Bissig is a professional photographer in Switzerland and your perfect partner for event photography\" \/>\n<meta property=\"og:url\" content=\"https:\/\/bissig.ch\/content\/de\/eventfotograf-schweiz\/\" \/>\n<meta property=\"og:site_name\" content=\"Martin Bissig - Photographer\" \/>\n<meta property=\"article:modified_time\" content=\"2022-05-31T06:54:20+00:00\" \/>\n<meta property=\"og:image\" content=\"https:\/\/bissig.ch\/content\/wp-content\/uploads\/2022\/05\/polkadot-wef2022-0480-1024x683.jpg\" \/>\n<meta name=\"twitter:card\" content=\"summary_large_image\" \/>\n<meta name=\"twitter:label1\" content=\"Gesch\u00e4tzte Lesezeit\" \/>\n\t<meta name=\"twitter:data1\" content=\"3\u00a0Minuten\" \/>\n<script type=\"application\/ld+json\" class=\"yoast-schema-graph\">{\"@context\":\"https:\\\/\\\/schema.org\",\"@graph\":[{\"@type\":\"WebPage\",\"@id\":\"https:\\\/\\\/bissig.ch\\\/content\\\/event-photographer-switzerland\\\/\",\"url\":\"https:\\\/\\\/bissig.ch\\\/content\\\/event-photographer-switzerland\\\/\",\"name\":\"Event Photographer Switzerland by Professional Photographer Martin Bissig\",\"isPartOf\":{\"@id\":\"https:\\\/\\\/bissig.ch\\\/content\\\/#website\"},\"primaryImageOfPage\":{\"@id\":\"https:\\\/\\\/bissig.ch\\\/content\\\/event-photographer-switzerland\\\/#primaryimage\"},\"image\":{\"@id\":\"https:\\\/\\\/bissig.ch\\\/content\\\/event-photographer-switzerland\\\/#primaryimage\"},\"thumbnailUrl\":\"https:\\\/\\\/bissig.ch\\\/content\\\/wp-content\\\/uploads\\\/2022\\\/05\\\/polkadot-wef2022-0480-1024x683.jpg\",\"datePublished\":\"2021-12-15T14:52:45+00:00\",\"dateModified\":\"2022-05-31T06:54:20+00:00\",\"description\":\"Event Photographer Switzerland: Martin Bissig is a professional photographer in Switzerland and your perfect partner for event photography\",\"breadcrumb\":{\"@id\":\"https:\\\/\\\/bissig.ch\\\/content\\\/event-photographer-switzerland\\\/#breadcrumb\"},\"inLanguage\":\"de\",\"potentialAction\":[{\"@type\":\"ReadAction\",\"target\":[\"https:\\\/\\\/bissig.ch\\\/content\\\/event-photographer-switzerland\\\/\"]}]},{\"@type\":\"ImageObject\",\"inLanguage\":\"de\",\"@id\":\"https:\\\/\\\/bissig.ch\\\/content\\\/event-photographer-switzerland\\\/#primaryimage\",\"url\":\"https:\\\/\\\/bissig.ch\\\/content\\\/wp-content\\\/uploads\\\/2022\\\/05\\\/polkadot-wef2022-0480-1024x683.jpg\",\"contentUrl\":\"https:\\\/\\\/bissig.ch\\\/content\\\/wp-content\\\/uploads\\\/2022\\\/05\\\/polkadot-wef2022-0480-1024x683.jpg\"},{\"@type\":\"BreadcrumbList\",\"@id\":\"https:\\\/\\\/bissig.ch\\\/content\\\/event-photographer-switzerland\\\/#breadcrumb\",\"itemListElement\":[{\"@type\":\"ListItem\",\"position\":1,\"name\":\"Startseite\",\"item\":\"https:\\\/\\\/bissig.ch\\\/content\\\/\"},{\"@type\":\"ListItem\",\"position\":2,\"name\":\"Event Photographer Switzerland by Professional Photographer Martin Bissig\"}]},{\"@type\":\"WebSite\",\"@id\":\"https:\\\/\\\/bissig.ch\\\/content\\\/#website\",\"url\":\"https:\\\/\\\/bissig.ch\\\/content\\\/\",\"name\":\"Martin Bissig - Event Photographer\",\"description\":\"Martin Bissig is your event photographer for event photography in Switzerland\",\"publisher\":{\"@id\":\"https:\\\/\\\/bissig.ch\\\/content\\\/#organization\"},\"potentialAction\":[{\"@type\":\"SearchAction\",\"target\":{\"@type\":\"EntryPoint\",\"urlTemplate\":\"https:\\\/\\\/bissig.ch\\\/content\\\/?s={search_term_string}\"},\"query-input\":{\"@type\":\"PropertyValueSpecification\",\"valueRequired\":true,\"valueName\":\"search_term_string\"}}],\"inLanguage\":\"de\"},{\"@type\":\"Organization\",\"@id\":\"https:\\\/\\\/bissig.ch\\\/content\\\/#organization\",\"name\":\"Martin Bissig - Event Photographer\",\"url\":\"https:\\\/\\\/bissig.ch\\\/content\\\/\",\"logo\":{\"@type\":\"ImageObject\",\"inLanguage\":\"de\",\"@id\":\"https:\\\/\\\/bissig.ch\\\/content\\\/#\\\/schema\\\/logo\\\/image\\\/\",\"url\":\"https:\\\/\\\/bissig.ch\\\/content\\\/wp-content\\\/uploads\\\/2022\\\/05\\\/even-photographer-logo-min.png\",\"contentUrl\":\"https:\\\/\\\/bissig.ch\\\/content\\\/wp-content\\\/uploads\\\/2022\\\/05\\\/even-photographer-logo-min.png\",\"width\":660,\"height\":154,\"caption\":\"Martin Bissig - Event Photographer\"},\"image\":{\"@id\":\"https:\\\/\\\/bissig.ch\\\/content\\\/#\\\/schema\\\/logo\\\/image\\\/\"}}]}<\/script>\n<!-- \/ Yoast SEO plugin. -->","yoast_head_json":{"title":"Event-Fotograf Schweiz von Profi-Fotograf Martin Bissig","description":"Eventfotograf Schweiz: Martin Bissig ist ein professioneller Fotograf in der Schweiz und Ihr perfekter Partner f\u00fcr Eventfotografie.","robots":{"index":"index","follow":"follow","max-snippet":"max-snippet:-1","max-image-preview":"max-image-preview:large","max-video-preview":"max-video-preview:-1"},"canonical":"https:\/\/bissig.ch\/content\/de\/eventfotograf-schweiz\/","og_locale":"de_DE","og_type":"article","og_title":"Event Photographer Switzerland by Professional Photographer Martin Bissig","og_description":"Event Photographer Switzerland: Martin Bissig is a professional photographer in Switzerland and your perfect partner for event photography","og_url":"https:\/\/bissig.ch\/content\/de\/eventfotograf-schweiz\/","og_site_name":"Martin Bissig - Photographer","article_modified_time":"2022-05-31T06:54:20+00:00","og_image":[{"url":"https:\/\/bissig.ch\/content\/wp-content\/uploads\/2022\/05\/polkadot-wef2022-0480-1024x683.jpg","type":"","width":"","height":""}],"twitter_card":"summary_large_image","twitter_misc":{"Gesch\u00e4tzte Lesezeit":"3\u00a0Minuten"},"schema":{"@context":"https:\/\/schema.org","@graph":[{"@type":"WebPage","@id":"https:\/\/bissig.ch\/content\/event-photographer-switzerland\/","url":"https:\/\/bissig.ch\/content\/event-photographer-switzerland\/","name":"Event-Fotograf Schweiz von Profi-Fotograf Martin Bissig","isPartOf":{"@id":"https:\/\/bissig.ch\/content\/#website"},"primaryImageOfPage":{"@id":"https:\/\/bissig.ch\/content\/event-photographer-switzerland\/#primaryimage"},"image":{"@id":"https:\/\/bissig.ch\/content\/event-photographer-switzerland\/#primaryimage"},"thumbnailUrl":"https:\/\/bissig.ch\/content\/wp-content\/uploads\/2022\/05\/polkadot-wef2022-0480-1024x683.jpg","datePublished":"2021-12-15T14:52:45+00:00","dateModified":"2022-05-31T06:54:20+00:00","description":"Eventfotograf Schweiz: Martin Bissig ist ein professioneller Fotograf in der Schweiz und Ihr perfekter Partner f\u00fcr Eventfotografie.","breadcrumb":{"@id":"https:\/\/bissig.ch\/content\/event-photographer-switzerland\/#breadcrumb"},"inLanguage":"de","potentialAction":[{"@type":"ReadAction","target":["https:\/\/bissig.ch\/content\/event-photographer-switzerland\/"]}]},{"@type":"ImageObject","inLanguage":"de","@id":"https:\/\/bissig.ch\/content\/event-photographer-switzerland\/#primaryimage","url":"https:\/\/bissig.ch\/content\/wp-content\/uploads\/2022\/05\/polkadot-wef2022-0480-1024x683.jpg","contentUrl":"https:\/\/bissig.ch\/content\/wp-content\/uploads\/2022\/05\/polkadot-wef2022-0480-1024x683.jpg"},{"@type":"BreadcrumbList","@id":"https:\/\/bissig.ch\/content\/event-photographer-switzerland\/#breadcrumb","itemListElement":[{"@type":"ListItem","position":1,"name":"Startseite","item":"https:\/\/bissig.ch\/content\/"},{"@type":"ListItem","position":2,"name":"Event Photographer Switzerland by Professional Photographer Martin Bissig"}]},{"@type":"WebSite","@id":"https:\/\/bissig.ch\/content\/#website","url":"https:\/\/bissig.ch\/content\/","name":"Martin Bissig - Veranstaltungsfotograf","description":"Martin Bissig ist Ihr Eventfotograf f\u00fcr Eventfotografie in der Schweiz","publisher":{"@id":"https:\/\/bissig.ch\/content\/#organization"},"potentialAction":[{"@type":"SearchAction","target":{"@type":"EntryPoint","urlTemplate":"https:\/\/bissig.ch\/content\/?s={search_term_string}"},"query-input":{"@type":"PropertyValueSpecification","valueRequired":true,"valueName":"search_term_string"}}],"inLanguage":"de"},{"@type":"Organization","@id":"https:\/\/bissig.ch\/content\/#organization","name":"Martin Bissig - Veranstaltungsfotograf","url":"https:\/\/bissig.ch\/content\/","logo":{"@type":"ImageObject","inLanguage":"de","@id":"https:\/\/bissig.ch\/content\/#\/schema\/logo\/image\/","url":"https:\/\/bissig.ch\/content\/wp-content\/uploads\/2022\/05\/even-photographer-logo-min.png","contentUrl":"https:\/\/bissig.ch\/content\/wp-content\/uploads\/2022\/05\/even-photographer-logo-min.png","width":660,"height":154,"caption":"Martin Bissig - Event Photographer"},"image":{"@id":"https:\/\/bissig.ch\/content\/#\/schema\/logo\/image\/"}}]}},"_links":{"self":[{"href":"https:\/\/bissig.ch\/content\/de\/wp-json\/wp\/v2\/pages\/1626","targetHints":{"allow":["GET"]}}],"collection":[{"href":"https:\/\/bissig.ch\/content\/de\/wp-json\/wp\/v2\/pages"}],"about":[{"href":"https:\/\/bissig.ch\/content\/de\/wp-json\/wp\/v2\/types\/page"}],"author":[{"embeddable":true,"href":"https:\/\/bissig.ch\/content\/de\/wp-json\/wp\/v2\/users\/1"}],"replies":[{"embeddable":true,"href":"https:\/\/bissig.ch\/content\/de\/wp-json\/wp\/v2\/comments?post=1626"}],"version-history":[{"count":112,"href":"https:\/\/bissig.ch\/content\/de\/wp-json\/wp\/v2\/pages\/1626\/revisions"}],"predecessor-version":[{"id":2162,"href":"https:\/\/bissig.ch\/content\/de\/wp-json\/wp\/v2\/pages\/1626\/revisions\/2162"}],"wp:attachment":[{"href":"https:\/\/bissig.ch\/content\/de\/wp-json\/wp\/v2\/media?parent=1626"}],"curies":[{"name":"wp","href":"https:\/\/api.w.org\/{rel}","templated":true}]}}